{"id":1930,"date":"2026-03-09T18:35:16","date_gmt":"2026-03-09T16:35:16","guid":{"rendered":"https:\/\/joanolivella.cat\/?page_id=1930"},"modified":"2026-04-21T21:49:03","modified_gmt":"2026-04-21T19:49:03","slug":"privacy-policy","status":"publish","type":"page","link":"https:\/\/joanolivella.cat\/en\/privacy-policy\/","title":{"rendered":"Privacy Policy"},"content":{"rendered":"\t\t<div data-elementor-type=\"wp-page\" data-elementor-id=\"1930\" class=\"elementor elementor-1930\">\n\t\t\t\t\t\t<section class=\"elementor-section elementor-top-section elementor-element elementor-element-3cf87667 elementor-section-height-min-height elementor-section-boxed elementor-section-height-default elementor-section-items-middle\" data-id=\"3cf87667\" data-element_type=\"section\" data-e-type=\"section\" data-settings=\"{&quot;background_background&quot;:&quot;classic&quot;}\">\n\t\t\t\t\t\t<div class=\"elementor-container elementor-column-gap-default\">\n\t\t\t\t\t<div class=\"elementor-column elementor-col-100 elementor-top-column elementor-element elementor-element-628a5ec\" data-id=\"628a5ec\" data-element_type=\"column\" data-e-type=\"column\">\n\t\t\t<div class=\"elementor-widget-wrap elementor-element-populated\">\n\t\t\t\t\t\t<div class=\"elementor-element elementor-element-1ea706b1 elementor-mobile-align-center elementor-align-left elementor-widget elementor-widget-raven-heading\" data-id=\"1ea706b1\" data-element_type=\"widget\" data-e-type=\"widget\" data-widget_type=\"raven-heading.default\">\n\t\t\t\t<div class=\"elementor-widget-container\">\n\t\t\t\t\t\t\t<div class=\"raven-widget-wrapper\"><h1 class=\"raven-heading raven-heading-h1\"><span class=\"raven-heading-title \">Pol\u00edtica de privacitat<\/span><\/h1><\/div>\n\t\t\t\t\t\t<\/div>\n\t\t\t\t<\/div>\n\t\t\t\t\t<\/div>\n\t\t<\/div>\n\t\t\t\t\t<\/div>\n\t\t<\/section>\n\t\t\t\t<section class=\"elementor-section elementor-top-section elementor-element elementor-element-43e78a89 elementor-section-boxed elementor-section-height-default elementor-section-height-default\" data-id=\"43e78a89\" data-element_type=\"section\" data-e-type=\"section\">\n\t\t\t\t\t\t<div class=\"elementor-container elementor-column-gap-default\">\n\t\t\t\t\t<div class=\"elementor-column elementor-col-100 elementor-top-column elementor-element elementor-element-3197afc4\" data-id=\"3197afc4\" data-element_type=\"column\" data-e-type=\"column\">\n\t\t\t<div class=\"elementor-widget-wrap elementor-element-populated\">\n\t\t\t\t\t\t<div class=\"elementor-element elementor-element-74ca0dd elementor-align-left elementor-widget elementor-widget-raven-heading\" data-id=\"74ca0dd\" data-element_type=\"widget\" data-e-type=\"widget\" data-widget_type=\"raven-heading.default\">\n\t\t\t\t<div class=\"elementor-widget-container\">\n\t\t\t\t\t\t\t<div class=\"raven-widget-wrapper\"><h2 class=\"raven-heading raven-heading-h2\"><span class=\"raven-heading-title \">Joan Olivella Interiors & Design.<\/span><\/h2><\/div>\n\t\t\t\t\t\t<\/div>\n\t\t\t\t<\/div>\n\t\t\t\t<div class=\"elementor-element elementor-element-2bc3f18d elementor-widget elementor-widget-text-editor\" data-id=\"2bc3f18d\" data-element_type=\"widget\" data-e-type=\"widget\" data-widget_type=\"text-editor.default\">\n\t\t\t\t\t\t\t\t\t<h1 data-section-id=\"w9q66p\" data-start=\"208\" data-end=\"232\">Pol\u00edtica de privacitat<\/h1><h2 data-section-id=\"1fojpzs\" data-start=\"234\" data-end=\"266\">1. Responsable del tractament<\/h2><p data-start=\"268\" data-end=\"540\">En compliment del que estableix el <strong data-start=\"303\" data-end=\"373\">Reglament (UE) 2016\/679 del Parlament Europeu i del Consell (RGPD)<\/strong> i la <strong data-start=\"379\" data-end=\"476\">Llei Org\u00e0nica 3\/2018 de Protecci\u00f3 de Dades Personals i garantia dels drets digitals (LOPDGDD)<\/strong>, s\u2019informa als usuaris d\u2019aquest lloc web de les dades seg\u00fcents:<\/p><p data-start=\"542\" data-end=\"596\">Responsable: <strong data-start=\"555\" data-end=\"575\">Joan Olivella SL<\/strong><br data-start=\"575\" data-end=\"578\" \/>CIF: <strong data-start=\"583\" data-end=\"596\">B61501144<\/strong><\/p><p data-start=\"598\" data-end=\"675\">Adre\u00e7a:<br data-start=\"605\" data-end=\"608\" \/>Carretera d\u2019Igualada, 56<br data-start=\"632\" data-end=\"635\" \/>08720 Vilafranca del Pened\u00e8s<br data-start=\"663\" data-end=\"666\" \/>Barcelona<\/p><p data-start=\"677\" data-end=\"788\">Tel\u00e8fon: <strong data-start=\"686\" data-end=\"701\">938 181 819<\/strong><br data-start=\"701\" data-end=\"704\" \/>Correu electr\u00f2nic: <strong data-start=\"723\" data-end=\"756\"><a class=\"decorated-link cursor-pointer\" rel=\"noopener\" data-start=\"725\" data-end=\"754\">joanolivella@joanolivella.cat<\/a><\/strong><br data-start=\"756\" data-end=\"759\" \/>Web: <strong data-start=\"764\" data-end=\"788\"><a class=\"decorated-link\" href=\"http:\/\/www.joanolivella.cat\" target=\"_new\" rel=\"noopener\" data-start=\"766\" data-end=\"786\">www.joanolivella.cat<\/a><\/strong><\/p><hr data-start=\"790\" data-end=\"793\" \/><h2 data-section-id=\"1sbik3j\" data-start=\"795\" data-end=\"838\">2. Finalitat del tractament de les dades<\/h2><p data-start=\"840\" data-end=\"955\">Les dades personals que l\u2019usuari pugui facilitar a trav\u00e9s del lloc web seran tractades amb les finalitats seg\u00fcents:<\/p><ul data-start=\"957\" data-end=\"1221\"><li data-section-id=\"1nnvv2p\" data-start=\"957\" data-end=\"1069\"><p data-start=\"959\" data-end=\"1069\">Atendre les sol\u00b7licituds d\u2019informaci\u00f3 o contacte realitzades a trav\u00e9s del formulari web o correu electr\u00f2nic.<\/p><\/li><li data-section-id=\"1gt3y8w\" data-start=\"1070\" data-end=\"1159\"><p data-start=\"1072\" data-end=\"1159\">Gestionar les consultes relacionades amb els serveis oferts per <strong data-start=\"1136\" data-end=\"1156\">Joan Olivella SL<\/strong>.<\/p><\/li><li data-section-id=\"1m92qd2\" data-start=\"1160\" data-end=\"1221\"><p data-start=\"1162\" data-end=\"1221\">Mantenir la comunicaci\u00f3 amb els usuaris que ho sol\u00b7licitin.<\/p><\/li><\/ul><p data-start=\"1223\" data-end=\"1298\">Les dades no seran utilitzades per a finalitats diferents de les indicades.<\/p><hr data-start=\"1300\" data-end=\"1303\" \/><h2 data-section-id=\"r95vn0\" data-start=\"1305\" data-end=\"1339\">3. Base jur\u00eddica del tractament<\/h2><p data-start=\"1341\" data-end=\"1540\">La base legal per al tractament de les dades \u00e9s el <strong data-start=\"1392\" data-end=\"1420\">consentiment de l\u2019usuari<\/strong>, que es manifesta en contactar amb l\u2019empresa o enviar les seves dades a trav\u00e9s dels formularis disponibles al lloc web.<\/p><hr data-start=\"1542\" data-end=\"1545\" \/><h2 data-section-id=\"18p6gsb\" data-start=\"1547\" data-end=\"1577\">4. Conservaci\u00f3 de les dades<\/h2><p data-start=\"1579\" data-end=\"1779\">Les dades personals es conservaran durant el temps necessari per atendre la sol\u00b7licitud de l\u2019usuari o mentre existeixi una relaci\u00f3 comercial, i durant els terminis establerts per la legislaci\u00f3 vigent.<\/p><hr data-start=\"1781\" data-end=\"1784\" \/><h2 data-section-id=\"gg7nfp\" data-start=\"1786\" data-end=\"1822\">5. Comunicaci\u00f3 de dades a tercers<\/h2><p data-start=\"1824\" data-end=\"1987\">Les dades personals no seran cedides a tercers, excepte en els casos en qu\u00e8 existeixi una obligaci\u00f3 legal o quan sigui necessari per prestar el servei sol\u00b7licitat.<\/p><hr data-start=\"1989\" data-end=\"1992\" \/><h2 data-section-id=\"wrip7x\" data-start=\"1994\" data-end=\"2018\">6. Drets dels usuaris<\/h2><p data-start=\"2020\" data-end=\"2097\">Els usuaris poden exercir els seg\u00fcents drets sobre les seves dades personals:<\/p><ul data-start=\"2099\" data-end=\"2259\"><li data-section-id=\"1e17ynd\" data-start=\"2099\" data-end=\"2115\"><p data-start=\"2101\" data-end=\"2115\">Dret d\u2019acc\u00e9s<\/p><\/li><li data-section-id=\"6m0777\" data-start=\"2116\" data-end=\"2140\"><p data-start=\"2118\" data-end=\"2140\">Dret de rectificaci\u00f3<\/p><\/li><li data-section-id=\"n5hggl\" data-start=\"2141\" data-end=\"2162\"><p data-start=\"2143\" data-end=\"2162\">Dret de supressi\u00f3<\/p><\/li><li data-section-id=\"1gqvp6p\" data-start=\"2163\" data-end=\"2182\"><p data-start=\"2165\" data-end=\"2182\">Dret d\u2019oposici\u00f3<\/p><\/li><li data-section-id=\"og25eo\" data-start=\"2183\" data-end=\"2221\"><p data-start=\"2185\" data-end=\"2221\">Dret a la limitaci\u00f3 del tractament<\/p><\/li><li data-section-id=\"gtip7c\" data-start=\"2222\" data-end=\"2259\"><p data-start=\"2224\" data-end=\"2259\">Dret a la portabilitat de les dades<\/p><\/li><\/ul><p data-start=\"2261\" data-end=\"2326\">Per exercir aquests drets, l\u2019usuari pot enviar una sol\u00b7licitud a:<\/p><p data-start=\"2328\" data-end=\"2361\"><strong data-start=\"2328\" data-end=\"2361\"><a class=\"decorated-link cursor-pointer\" rel=\"noopener\" data-start=\"2330\" data-end=\"2359\">joanolivella@joanolivella.cat<\/a><\/strong><\/p><p data-start=\"2363\" data-end=\"2457\">indicant clarament el dret que vol exercir i adjuntant una c\u00f2pia del seu document d\u2019identitat.<\/p><hr data-start=\"2459\" data-end=\"2462\" \/><h2 data-section-id=\"1bytj6t\" data-start=\"2464\" data-end=\"2490\">7. Mesures de seguretat<\/h2><p data-start=\"2492\" data-end=\"2689\"><strong data-start=\"2492\" data-end=\"2512\">Joan Olivella SL<\/strong> adopta les mesures t\u00e8cniques i organitzatives necess\u00e0ries per garantir la seguretat de les dades personals i evitar la seva alteraci\u00f3, p\u00e8rdua, tractament o acc\u00e9s no autoritzat.<\/p><hr data-start=\"2691\" data-end=\"2694\" \/><h2 data-section-id=\"1rjgy4i\" data-start=\"2696\" data-end=\"2737\">8. Canvis en la pol\u00edtica de privacitat<\/h2><p data-start=\"2739\" data-end=\"2884\"><strong data-start=\"2739\" data-end=\"2759\">Joan Olivella SL<\/strong> es reserva el dret de modificar la present pol\u00edtica de privacitat per adaptar-la a novetats legislatives o jurisprudencials.<\/p>\t\t\t\t\t\t\t\t<\/div>\n\t\t\t\t\t<\/div>\n\t\t<\/div>\n\t\t\t\t\t<\/div>\n\t\t<\/section>\n\t\t\t\t<\/div>\n\t\t","protected":false},"excerpt":{"rendered":"<p>Pol\u00edtica de privacitat Joan Olivella Interiors &#038; Design. Pol\u00edtica de privacitat 1. Responsable del tractament En compliment del que estableix el Reglament (UE) 2016\/679 del Parlament Europeu i del Consell (RGPD) i la Llei Org\u00e0nica 3\/2018 de Protecci\u00f3 de Dades Personals i garantia dels drets digitals (LOPDGDD), s\u2019informa als usuaris d\u2019aquest lloc web de les [&hellip;]<\/p>\n","protected":false},"author":1,"featured_media":0,"parent":0,"menu_order":0,"comment_status":"closed","ping_status":"closed","template":"elementor_header_footer","meta":{"footnotes":""},"class_list":["post-1930","page","type-page","status-publish","hentry"],"yoast_head":"<!-- This site is optimized with the Yoast SEO plugin v27.4 - https:\/\/yoast.com\/product\/yoast-seo-wordpress\/ -->\n<title>Privacy Policy - Joan Olivella<\/title>\n<meta name=\"robots\" content=\"index, follow, max-snippet:-1, max-image-preview:large, max-video-preview:-1\" \/>\n<link rel=\"canonical\" href=\"https:\/\/joanolivella.cat\/en\/privacy-policy\/\" \/>\n<meta property=\"og:locale\" content=\"en_US\" \/>\n<meta property=\"og:type\" content=\"article\" \/>\n<meta property=\"og:title\" content=\"Privacy Policy - Joan Olivella\" \/>\n<meta property=\"og:description\" content=\"Pol\u00edtica de privacitat Joan Olivella Interiors &#038; Design. Pol\u00edtica de privacitat 1. Responsable del tractament En compliment del que estableix el Reglament (UE) 2016\/679 del Parlament Europeu i del Consell (RGPD) i la Llei Org\u00e0nica 3\/2018 de Protecci\u00f3 de Dades Personals i garantia dels drets digitals (LOPDGDD), s\u2019informa als usuaris d\u2019aquest lloc web de les [&hellip;]\" \/>\n<meta property=\"og:url\" content=\"https:\/\/joanolivella.cat\/en\/privacy-policy\/\" \/>\n<meta property=\"og:site_name\" content=\"Joan Olivella\" \/>\n<meta property=\"article:modified_time\" content=\"2026-04-21T19:49:03+00:00\" \/>\n<meta name=\"twitter:card\" content=\"summary_large_image\" \/>\n<meta name=\"twitter:label1\" content=\"Est. reading time\" \/>\n\t<meta name=\"twitter:data1\" content=\"3 minutes\" \/>\n<script type=\"application\/ld+json\" class=\"yoast-schema-graph\">{\"@context\":\"https:\\\/\\\/schema.org\",\"@graph\":[{\"@type\":\"WebPage\",\"@id\":\"https:\\\/\\\/joanolivella.cat\\\/en\\\/privacy-policy\\\/\",\"url\":\"https:\\\/\\\/joanolivella.cat\\\/en\\\/privacy-policy\\\/\",\"name\":\"Privacy Policy - Joan Olivella\",\"isPartOf\":{\"@id\":\"https:\\\/\\\/joanolivella.cat\\\/#website\"},\"datePublished\":\"2026-03-09T16:35:16+00:00\",\"dateModified\":\"2026-04-21T19:49:03+00:00\",\"breadcrumb\":{\"@id\":\"https:\\\/\\\/joanolivella.cat\\\/en\\\/privacy-policy\\\/#breadcrumb\"},\"inLanguage\":\"en-US\",\"potentialAction\":[{\"@type\":\"ReadAction\",\"target\":[\"https:\\\/\\\/joanolivella.cat\\\/en\\\/privacy-policy\\\/\"]}]},{\"@type\":\"BreadcrumbList\",\"@id\":\"https:\\\/\\\/joanolivella.cat\\\/en\\\/privacy-policy\\\/#breadcrumb\",\"itemListElement\":[{\"@type\":\"ListItem\",\"position\":1,\"name\":\"Inici\",\"item\":\"https:\\\/\\\/joanolivella.cat\\\/en\\\/\"},{\"@type\":\"ListItem\",\"position\":2,\"name\":\"Privacy Policy\"}]},{\"@type\":\"WebSite\",\"@id\":\"https:\\\/\\\/joanolivella.cat\\\/#website\",\"url\":\"https:\\\/\\\/joanolivella.cat\\\/\",\"name\":\"Joan Olivella\",\"description\":\"Interiorisme i disseny\",\"potentialAction\":[{\"@type\":\"SearchAction\",\"target\":{\"@type\":\"EntryPoint\",\"urlTemplate\":\"https:\\\/\\\/joanolivella.cat\\\/?s={search_term_string}\"},\"query-input\":{\"@type\":\"PropertyValueSpecification\",\"valueRequired\":true,\"valueName\":\"search_term_string\"}}],\"inLanguage\":\"en-US\"}]}<\/script>\n<!-- \/ Yoast SEO plugin. -->","yoast_head_json":{"title":"Privacy Policy - Joan Olivella","robots":{"index":"index","follow":"follow","max-snippet":"max-snippet:-1","max-image-preview":"max-image-preview:large","max-video-preview":"max-video-preview:-1"},"canonical":"https:\/\/joanolivella.cat\/en\/privacy-policy\/","og_locale":"en_US","og_type":"article","og_title":"Privacy Policy - Joan Olivella","og_description":"Pol\u00edtica de privacitat Joan Olivella Interiors &#038; Design. Pol\u00edtica de privacitat 1. Responsable del tractament En compliment del que estableix el Reglament (UE) 2016\/679 del Parlament Europeu i del Consell (RGPD) i la Llei Org\u00e0nica 3\/2018 de Protecci\u00f3 de Dades Personals i garantia dels drets digitals (LOPDGDD), s\u2019informa als usuaris d\u2019aquest lloc web de les [&hellip;]","og_url":"https:\/\/joanolivella.cat\/en\/privacy-policy\/","og_site_name":"Joan Olivella","article_modified_time":"2026-04-21T19:49:03+00:00","twitter_card":"summary_large_image","twitter_misc":{"Est. reading time":"3 minutes"},"schema":{"@context":"https:\/\/schema.org","@graph":[{"@type":"WebPage","@id":"https:\/\/joanolivella.cat\/en\/privacy-policy\/","url":"https:\/\/joanolivella.cat\/en\/privacy-policy\/","name":"Privacy Policy - Joan Olivella","isPartOf":{"@id":"https:\/\/joanolivella.cat\/#website"},"datePublished":"2026-03-09T16:35:16+00:00","dateModified":"2026-04-21T19:49:03+00:00","breadcrumb":{"@id":"https:\/\/joanolivella.cat\/en\/privacy-policy\/#breadcrumb"},"inLanguage":"en-US","potentialAction":[{"@type":"ReadAction","target":["https:\/\/joanolivella.cat\/en\/privacy-policy\/"]}]},{"@type":"BreadcrumbList","@id":"https:\/\/joanolivella.cat\/en\/privacy-policy\/#breadcrumb","itemListElement":[{"@type":"ListItem","position":1,"name":"Inici","item":"https:\/\/joanolivella.cat\/en\/"},{"@type":"ListItem","position":2,"name":"Privacy Policy"}]},{"@type":"WebSite","@id":"https:\/\/joanolivella.cat\/#website","url":"https:\/\/joanolivella.cat\/","name":"Joan Olivella","description":"Interiorisme i disseny","potentialAction":[{"@type":"SearchAction","target":{"@type":"EntryPoint","urlTemplate":"https:\/\/joanolivella.cat\/?s={search_term_string}"},"query-input":{"@type":"PropertyValueSpecification","valueRequired":true,"valueName":"search_term_string"}}],"inLanguage":"en-US"}]}},"_links":{"self":[{"href":"https:\/\/joanolivella.cat\/en\/wp-json\/wp\/v2\/pages\/1930","targetHints":{"allow":["GET"]}}],"collection":[{"href":"https:\/\/joanolivella.cat\/en\/wp-json\/wp\/v2\/pages"}],"about":[{"href":"https:\/\/joanolivella.cat\/en\/wp-json\/wp\/v2\/types\/page"}],"author":[{"embeddable":true,"href":"https:\/\/joanolivella.cat\/en\/wp-json\/wp\/v2\/users\/1"}],"replies":[{"embeddable":true,"href":"https:\/\/joanolivella.cat\/en\/wp-json\/wp\/v2\/comments?post=1930"}],"version-history":[{"count":2,"href":"https:\/\/joanolivella.cat\/en\/wp-json\/wp\/v2\/pages\/1930\/revisions"}],"predecessor-version":[{"id":1957,"href":"https:\/\/joanolivella.cat\/en\/wp-json\/wp\/v2\/pages\/1930\/revisions\/1957"}],"wp:attachment":[{"href":"https:\/\/joanolivella.cat\/en\/wp-json\/wp\/v2\/media?parent=1930"}],"curies":[{"name":"wp","href":"https:\/\/api.w.org\/{rel}","templated":true}]}}