{"id":1723,"date":"2019-03-06T03:11:40","date_gmt":"2019-03-06T01:11:40","guid":{"rendered":"https:\/\/joanolivella.cat\/?page_id=1723"},"modified":"2026-04-21T21:08:41","modified_gmt":"2026-04-21T19:08:41","slug":"servicios","status":"publish","type":"page","link":"https:\/\/joanolivella.cat\/es\/servicios\/","title":{"rendered":"Servicios"},"content":{"rendered":"\t\t<div data-elementor-type=\"wp-post\" data-elementor-id=\"1723\" class=\"elementor elementor-1723\">\n\t\t\t\t\t\t<section class=\"elementor-section elementor-top-section elementor-element elementor-element-0c69bbf elementor-section-height-min-height elementor-section-boxed elementor-section-height-default elementor-section-items-middle\" data-id=\"0c69bbf\" data-element_type=\"section\" data-e-type=\"section\" data-settings=\"{&quot;background_background&quot;:&quot;classic&quot;}\">\n\t\t\t\t\t\t\t<div class=\"elementor-background-overlay\"><\/div>\n\t\t\t\t\t\t\t<div class=\"elementor-container elementor-column-gap-default\">\n\t\t\t\t\t<div class=\"elementor-column elementor-col-100 elementor-top-column elementor-element elementor-element-21756dd\" data-id=\"21756dd\" data-element_type=\"column\" data-e-type=\"column\">\n\t\t\t<div class=\"elementor-widget-wrap elementor-element-populated\">\n\t\t\t\t\t\t<div class=\"elementor-element elementor-element-e0471da elementor-mobile-align-center elementor-align-left elementor-widget elementor-widget-raven-heading\" data-id=\"e0471da\" data-element_type=\"widget\" data-e-type=\"widget\" data-widget_type=\"raven-heading.default\">\n\t\t\t\t<div class=\"elementor-widget-container\">\n\t\t\t\t\t\t\t<div class=\"raven-widget-wrapper\"><h1 class=\"raven-heading raven-heading-h1\"><span class=\"raven-heading-title \">Servicios.\nInteriors & Design Olivella<\/span><\/h1><\/div>\n\t\t\t\t\t\t<\/div>\n\t\t\t\t<\/div>\n\t\t\t\t\t<\/div>\n\t\t<\/div>\n\t\t\t\t\t<\/div>\n\t\t<\/section>\n\t\t<div class=\"elementor-element elementor-element-cd8b595 e-flex e-con-boxed e-con e-parent\" data-id=\"cd8b595\" data-element_type=\"container\" data-e-type=\"container\">\n\t\t\t\t\t<div class=\"e-con-inner\">\n\t\t\t\t<div class=\"elementor-element elementor-element-60f013c elementor-align-right elementor-mobile-align-center elementor-widget elementor-widget-raven-button\" data-id=\"60f013c\" data-element_type=\"widget\" data-e-type=\"widget\" data-settings=\"{&quot;turn_to_popup_action_button&quot;:&quot;no&quot;}\" data-widget_type=\"raven-button.default\">\n\t\t\t\t<div class=\"elementor-widget-container\">\n\t\t\t\t\t\t\t<div class=\"raven-widget-wrapper\">\n\t\t\t<a class=\"raven-button raven-button-widget-normal-effect-none elementor-button raven-button-text-align-center raven-button-link elementor-animation-none\" href=\"\/es\/contacto\/\">\t\t\t\t<div class=\"raven-button-overlay\" ><\/div>\n\t\t\t\t<span class=\"raven-button-content\">\n\t\t\t\t\t\n\t\t\t\t\t<div class=\"button-text-container\">\n\t\t\t\t\t\t\t\t\t\t\t\t<div class=\"raven-button-texts-wrapper\">\n\t\t\t\t\t\t\t<div class=\"button-text\">\n\t\t\t\t\t\t\t\t<span class=\"raven-button-text\">\n\t\t\t\t\t\t\t\t\tPide presupuesto\t\t\t\t\t\t\t\t<\/span>\n\t\t\t\t\t\t\t<\/div>\n\t\t\t\t\t\t\t\t\t\t\t\t\t<\/div>\n\t\t\t\t\t\t\t\t\t<span class=\"raven-button-icon raven-button-icon-position-right\">\n\t\t\t\t<svg aria-hidden=\"true\" class=\"e-font-icon-svg e-fas-long-arrow-alt-right\" viewBox=\"0 0 448 512\" xmlns=\"http:\/\/www.w3.org\/2000\/svg\"><path d=\"M313.941 216H12c-6.627 0-12 5.373-12 12v56c0 6.627 5.373 12 12 12h301.941v46.059c0 21.382 25.851 32.09 40.971 16.971l86.059-86.059c9.373-9.373 9.373-24.569 0-33.941l-86.059-86.059c-15.119-15.119-40.971-4.411-40.971 16.971V216z\"><\/path><\/svg>\t\t\t<\/span>\n\t\t\t\t\t\t\t<\/div>\n\t\t\t\t\t\n\t\t\t\t\t\t\t\t\t<\/span>\n\t\t\t<\/a>\t\t<\/div>\n\t\t\t\t\t\t<\/div>\n\t\t\t\t<\/div>\n\t\t\t\t\t<\/div>\n\t\t\t\t<\/div>\n\t\t\t\t<section class=\"elementor-section elementor-top-section elementor-element elementor-element-6d97ba9 elementor-section-boxed elementor-section-height-default elementor-section-height-default\" data-id=\"6d97ba9\" data-element_type=\"section\" data-e-type=\"section\">\n\t\t\t\t\t\t<div class=\"elementor-container elementor-column-gap-default\">\n\t\t\t\t\t<div class=\"elementor-column elementor-col-100 elementor-top-column elementor-element elementor-element-cc1db3a\" data-id=\"cc1db3a\" data-element_type=\"column\" data-e-type=\"column\">\n\t\t\t<div class=\"elementor-widget-wrap elementor-element-populated\">\n\t\t\t\t\t\t<div class=\"elementor-element elementor-element-b7ff6a0 elementor-mobile-align-center elementor-align-left elementor-widget elementor-widget-raven-heading\" data-id=\"b7ff6a0\" data-element_type=\"widget\" data-e-type=\"widget\" data-widget_type=\"raven-heading.default\">\n\t\t\t\t<div class=\"elementor-widget-container\">\n\t\t\t\t\t\t\t<div class=\"raven-widget-wrapper\"><h2 class=\"raven-heading raven-heading-h2\"><span class=\"raven-heading-title \">Proyectos de interiorismo.<\/span><\/h2><\/div>\n\t\t\t\t\t\t<\/div>\n\t\t\t\t<\/div>\n\t\t\t\t<div class=\"elementor-element elementor-element-d7d7535 elementor-widget elementor-widget-text-editor\" data-id=\"d7d7535\" data-element_type=\"widget\" data-e-type=\"widget\" data-widget_type=\"text-editor.default\">\n\t\t\t\t\t\t\t\t\t<p>Desarrollamos proyectos completos de interiorismo para viviendas y espacios comerciales. Desde la conceptualizaci\u00f3n inicial hasta la ejecuci\u00f3n final, cuidamos cada detalle para crear espacios \u00fanicos, funcionales y con estilo.<\/p>\t\t\t\t\t\t\t\t<\/div>\n\t\t\t\t\t<\/div>\n\t\t<\/div>\n\t\t\t\t\t<\/div>\n\t\t<\/section>\n\t\t\t\t<section class=\"elementor-section elementor-top-section elementor-element elementor-element-1a32f75 elementor-section-boxed elementor-section-height-default elementor-section-height-default\" data-id=\"1a32f75\" data-element_type=\"section\" data-e-type=\"section\">\n\t\t\t\t\t\t<div class=\"elementor-container elementor-column-gap-default\">\n\t\t\t\t\t<div class=\"elementor-column elementor-col-100 elementor-top-column elementor-element elementor-element-b751ee6\" data-id=\"b751ee6\" data-element_type=\"column\" data-e-type=\"column\">\n\t\t\t<div class=\"elementor-widget-wrap elementor-element-populated\">\n\t\t\t\t\t\t<div class=\"elementor-element elementor-element-706fff5 elementor-mobile-align-center elementor-align-left elementor-widget elementor-widget-raven-heading\" data-id=\"706fff5\" data-element_type=\"widget\" data-e-type=\"widget\" data-widget_type=\"raven-heading.default\">\n\t\t\t\t<div class=\"elementor-widget-container\">\n\t\t\t\t\t\t\t<div class=\"raven-widget-wrapper\"><h2 class=\"raven-heading raven-heading-h2\"><span class=\"raven-heading-title \">Reformas integrales<\/span><\/h2><\/div>\n\t\t\t\t\t\t<\/div>\n\t\t\t\t<\/div>\n\t\t\t\t<div class=\"elementor-element elementor-element-02d6f8a elementor-widget elementor-widget-text-editor\" data-id=\"02d6f8a\" data-element_type=\"widget\" data-e-type=\"widget\" data-widget_type=\"text-editor.default\">\n\t\t\t\t\t\t\t\t\t<p>Gestionamos reformas integrales con una visi\u00f3n global del proyecto. Coordinamos todos los trabajos necesarios para que el resultado final sea coherente, eficiente y est\u00e9ticamente equilibrado.<\/p>\t\t\t\t\t\t\t\t<\/div>\n\t\t\t\t\t<\/div>\n\t\t<\/div>\n\t\t\t\t\t<\/div>\n\t\t<\/section>\n\t\t\t\t<section class=\"elementor-section elementor-top-section elementor-element elementor-element-c252c9f elementor-section-boxed elementor-section-height-default elementor-section-height-default\" data-id=\"c252c9f\" data-element_type=\"section\" data-e-type=\"section\">\n\t\t\t\t\t\t<div class=\"elementor-container elementor-column-gap-default\">\n\t\t\t\t\t<div class=\"elementor-column elementor-col-100 elementor-top-column elementor-element elementor-element-6b84581\" data-id=\"6b84581\" data-element_type=\"column\" data-e-type=\"column\">\n\t\t\t<div class=\"elementor-widget-wrap elementor-element-populated\">\n\t\t\t\t\t\t<div class=\"elementor-element elementor-element-184e976 elementor-mobile-align-center elementor-align-left elementor-widget elementor-widget-raven-heading\" data-id=\"184e976\" data-element_type=\"widget\" data-e-type=\"widget\" data-widget_type=\"raven-heading.default\">\n\t\t\t\t<div class=\"elementor-widget-container\">\n\t\t\t\t\t\t\t<div class=\"raven-widget-wrapper\"><h2 class=\"raven-heading raven-heading-h2\"><span class=\"raven-heading-title \">Dise\u00f1o de espacios<\/span><\/h2><\/div>\n\t\t\t\t\t\t<\/div>\n\t\t\t\t<\/div>\n\t\t\t\t<div class=\"elementor-element elementor-element-312012f elementor-widget elementor-widget-text-editor\" data-id=\"312012f\" data-element_type=\"widget\" data-e-type=\"widget\" data-widget_type=\"text-editor.default\">\n\t\t\t\t\t\t\t\t\t<p>Estudiamos la distribuci\u00f3n y el uso de los espacios para optimizarlos al m\u00e1ximo. Trabajamos el dise\u00f1o de:<\/p><ul><li>Cocinas<\/li><li>Ba\u00f1os<\/li><li>Salones<\/li><li>Espacios exteriores<\/li><li>Locales comerciales<\/li><\/ul>\t\t\t\t\t\t\t\t<\/div>\n\t\t\t\t\t<\/div>\n\t\t<\/div>\n\t\t\t\t\t<\/div>\n\t\t<\/section>\n\t\t\t\t<section class=\"elementor-section elementor-top-section elementor-element elementor-element-6642321 elementor-section-boxed elementor-section-height-default elementor-section-height-default\" data-id=\"6642321\" data-element_type=\"section\" data-e-type=\"section\">\n\t\t\t\t\t\t<div class=\"elementor-container elementor-column-gap-default\">\n\t\t\t\t\t<div class=\"elementor-column elementor-col-100 elementor-top-column elementor-element elementor-element-c0ade80\" data-id=\"c0ade80\" data-element_type=\"column\" data-e-type=\"column\">\n\t\t\t<div class=\"elementor-widget-wrap elementor-element-populated\">\n\t\t\t\t\t\t<div class=\"elementor-element elementor-element-35472e4 elementor-mobile-align-center elementor-align-left elementor-widget elementor-widget-raven-heading\" data-id=\"35472e4\" data-element_type=\"widget\" data-e-type=\"widget\" data-widget_type=\"raven-heading.default\">\n\t\t\t\t<div class=\"elementor-widget-container\">\n\t\t\t\t\t\t\t<div class=\"raven-widget-wrapper\"><h2 class=\"raven-heading raven-heading-h2\"><span class=\"raven-heading-title \">Mobiliario y decoraci\u00f3n<\/span><\/h2><\/div>\n\t\t\t\t\t\t<\/div>\n\t\t\t\t<\/div>\n\t\t\t\t<div class=\"elementor-element elementor-element-7abe5e3 elementor-widget elementor-widget-text-editor\" data-id=\"7abe5e3\" data-element_type=\"widget\" data-e-type=\"widget\" data-widget_type=\"text-editor.default\">\n\t\t\t\t\t\t\t\t\t<p>Seleccionamos mobiliario, iluminaci\u00f3n y complementos de dise\u00f1o para crear espacios con personalidad propia, funcionalidad y estilo.<\/p>\t\t\t\t\t\t\t\t<\/div>\n\t\t\t\t\t<\/div>\n\t\t<\/div>\n\t\t\t\t\t<\/div>\n\t\t<\/section>\n\t\t\t\t<section class=\"elementor-section elementor-top-section elementor-element elementor-element-ef93ad5 elementor-section-boxed elementor-section-height-default elementor-section-height-default\" data-id=\"ef93ad5\" data-element_type=\"section\" data-e-type=\"section\">\n\t\t\t\t\t\t<div class=\"elementor-container elementor-column-gap-default\">\n\t\t\t\t\t<div class=\"elementor-column elementor-col-100 elementor-top-column elementor-element elementor-element-266b5a4\" data-id=\"266b5a4\" data-element_type=\"column\" data-e-type=\"column\">\n\t\t\t<div class=\"elementor-widget-wrap elementor-element-populated\">\n\t\t\t\t\t\t<div class=\"elementor-element elementor-element-7f35a15 elementor-widget elementor-widget-text-editor\" data-id=\"7f35a15\" data-element_type=\"widget\" data-e-type=\"widget\" data-widget_type=\"text-editor.default\">\n\t\t\t\t\t\t\t\t\t<h4>Proyectos.<\/h4>\n<ul> \n<li>Proyectos integrales de interiorismo.<\/li> \n<li>Interiorismo.<\/li> \n<li>Reformas de viviendas.<\/li> \n<li>Reformas de locales comerciales.<\/li>\n<\/ul>\n<h4>Dise\u00f1o.<\/h4>\n<ul> \n<li>Dise\u00f1o de cocinas.<\/li> \n<li>Dise\u00f1o de ba\u00f1os.<\/li> \n<li>Dise\u00f1o de espacios interiores.<\/li> \n<li>Distribuci\u00f3n de espacios.<\/li>\n<\/ul>\n<h4>Equipamiento.<\/h4>\n<ul> \n<li>Mobiliario interior.<\/li> \n<li>Mobiliario exterior.<\/li> \n<li>Iluminaci\u00f3n.<\/li> \n<li>Decoraci\u00f3n.<\/li> \n<li>Complementos.<\/li>\n<\/ul>\n<h4>Trabajos y especialidades.<\/h4>\n<ul> \n<li>Instalaciones.<\/li> \n<li>Carpinter\u00eda.<\/li> \n<li>Parquete.<\/li> \n<li>Trabajos de pintura.<\/li> \n<li>Revestimientos.<\/li> \n<li>Materiales de construcci\u00f3n.<\/li> \n<li>Asesoramiento t\u00e9cnico.<\/li>\n<\/ul>\t\t\t\t\t\t\t\t<\/div>\n\t\t\t\t\t<\/div>\n\t\t<\/div>\n\t\t\t\t\t<\/div>\n\t\t<\/section>\n\t\t\t\t<section class=\"elementor-section elementor-top-section elementor-element elementor-element-edf424e elementor-hidden-tablet elementor-hidden-mobile elementor-section-boxed elementor-section-height-default elementor-section-height-default\" data-id=\"edf424e\" data-element_type=\"section\" data-e-type=\"section\">\n\t\t\t\t\t\t<div class=\"elementor-container elementor-column-gap-default\">\n\t\t\t\t\t<div class=\"elementor-column elementor-col-100 elementor-top-column elementor-element elementor-element-9909c06\" data-id=\"9909c06\" data-element_type=\"column\" data-e-type=\"column\">\n\t\t\t<div class=\"elementor-widget-wrap elementor-element-populated\">\n\t\t\t\t\t\t<section class=\"elementor-section elementor-inner-section elementor-element elementor-element-6cfce25 elementor-section-boxed elementor-section-height-default elementor-section-height-default\" data-id=\"6cfce25\" data-element_type=\"section\" data-e-type=\"section\">\n\t\t\t\t\t\t<div class=\"elementor-container elementor-column-gap-default\">\n\t\t\t\t\t<div class=\"elementor-column elementor-col-25 elementor-inner-column elementor-element elementor-element-523c30b\" data-id=\"523c30b\" data-element_type=\"column\" data-e-type=\"column\">\n\t\t\t<div class=\"elementor-widget-wrap elementor-element-populated\">\n\t\t\t\t\t\t<div class=\"elementor-element elementor-element-33f7887 elementor-widget elementor-widget-image\" data-id=\"33f7887\" data-element_type=\"widget\" data-e-type=\"widget\" data-widget_type=\"image.default\">\n\t\t\t\t\t\t\t\t\t\t\t\t<figure class=\"wp-caption\">\n\t\t\t\t\t\t\t\t\t\t\t<a href=\"\/contacte\/\">\n\t\t\t\t\t\t\t<img decoding=\"async\" src=\"https:\/\/joanolivella.cat\/wp-content\/uploads\/elementor\/thumbs\/Joan-Olivella-Box-1-1-rlpvmw9r2c4xgp99zit468xfdtxb4kp5qv1kkq0g9o.jpg\" title=\"Joan Olivella Box (1)\" alt=\"Joan Olivella Box (1)\" class=\"elementor-animation-hang\" loading=\"lazy\" \/>\t\t\t\t\t\t\t\t<\/a>\n\t\t\t\t\t\t\t\t\t\t\t<figcaption class=\"widget-image-caption wp-caption-text\">Alta calidad e impermeable, duradera y funcional con estilo.<\/figcaption>\n\t\t\t\t\t\t\t\t\t\t<\/figure>\n\t\t\t\t\t\t\t\t\t<\/div>\n\t\t\t\t\t<\/div>\n\t\t<\/div>\n\t\t\t\t<div class=\"elementor-column elementor-col-25 elementor-inner-column elementor-element elementor-element-804645a\" data-id=\"804645a\" data-element_type=\"column\" data-e-type=\"column\">\n\t\t\t<div class=\"elementor-widget-wrap elementor-element-populated\">\n\t\t\t\t\t\t<div class=\"elementor-element elementor-element-c5fb1e7 elementor-widget elementor-widget-image\" data-id=\"c5fb1e7\" data-element_type=\"widget\" data-e-type=\"widget\" data-widget_type=\"image.default\">\n\t\t\t\t\t\t\t\t\t\t\t\t<figure class=\"wp-caption\">\n\t\t\t\t\t\t\t\t\t\t\t<a href=\"\/contacte\/\">\n\t\t\t\t\t\t\t<img decoding=\"async\" src=\"https:\/\/joanolivella.cat\/wp-content\/uploads\/elementor\/thumbs\/Joan-Olivella-Interiors-design-2-rk60pppsfpbteee6bo5x4wyahopduhs89vn2fe3sd8.jpg\" title=\"Joan Olivella Interiors design 2\" alt=\"Joan Olivella Interiors design 2\" class=\"elementor-animation-hang\" loading=\"lazy\" \/>\t\t\t\t\t\t\t\t<\/a>\n\t\t\t\t\t\t\t\t\t\t\t<figcaption class=\"widget-image-caption wp-caption-text\">M\u00e1rmol real, protegido contra rayaduras y roturas, por m\u00e1xima elegancia y durabilidad.<\/figcaption>\n\t\t\t\t\t\t\t\t\t\t<\/figure>\n\t\t\t\t\t\t\t\t\t<\/div>\n\t\t\t\t\t<\/div>\n\t\t<\/div>\n\t\t\t\t<div class=\"elementor-column elementor-col-25 elementor-inner-column elementor-element elementor-element-9627ab6\" data-id=\"9627ab6\" data-element_type=\"column\" data-e-type=\"column\">\n\t\t\t<div class=\"elementor-widget-wrap elementor-element-populated\">\n\t\t\t\t\t\t<div class=\"elementor-element elementor-element-244e9f3 elementor-widget elementor-widget-image\" data-id=\"244e9f3\" data-element_type=\"widget\" data-e-type=\"widget\" data-widget_type=\"image.default\">\n\t\t\t\t\t\t\t\t\t\t\t\t<figure class=\"wp-caption\">\n\t\t\t\t\t\t\t\t\t\t\t<a href=\"\/contacte\/\">\n\t\t\t\t\t\t\t<img decoding=\"async\" src=\"https:\/\/joanolivella.cat\/wp-content\/uploads\/elementor\/thumbs\/Joan-Olivella-Interiors-design-4-rk60qe5lde99s9eocyq7xqs9xpcxemh918lowl3jvg.jpg\" title=\"Joan Olivella Interiors design 4\" alt=\"Joan Olivella Interiors design 4\" class=\"elementor-animation-hang\" loading=\"lazy\" \/>\t\t\t\t\t\t\t\t<\/a>\n\t\t\t\t\t\t\t\t\t\t\t<figcaption class=\"widget-image-caption wp-caption-text\">Preferimos marcas fiables, grifos de acero inoxidable y resistentes a manchas.<\/figcaption>\n\t\t\t\t\t\t\t\t\t\t<\/figure>\n\t\t\t\t\t\t\t\t\t<\/div>\n\t\t\t\t\t<\/div>\n\t\t<\/div>\n\t\t\t\t<div class=\"elementor-column elementor-col-25 elementor-inner-column elementor-element elementor-element-7fa90a2\" data-id=\"7fa90a2\" data-element_type=\"column\" data-e-type=\"column\">\n\t\t\t<div class=\"elementor-widget-wrap elementor-element-populated\">\n\t\t\t\t\t\t<div class=\"elementor-element elementor-element-05607a5 elementor-widget elementor-widget-image\" data-id=\"05607a5\" data-element_type=\"widget\" data-e-type=\"widget\" data-widget_type=\"image.default\">\n\t\t\t\t\t\t\t\t\t\t\t\t<figure class=\"wp-caption\">\n\t\t\t\t\t\t\t\t\t\t\t<a href=\"\/contacte\/\">\n\t\t\t\t\t\t\t<img decoding=\"async\" src=\"https:\/\/joanolivella.cat\/wp-content\/uploads\/elementor\/thumbs\/Joan-Olivella-Box-2-rlpvobyvi83p7966ln5lhdvs20uhvxee9yx9yxvsrg.jpg\" title=\"Joan Olivella Box\" alt=\"Joan Olivella Box\" class=\"elementor-animation-hang\" loading=\"lazy\" \/>\t\t\t\t\t\t\t\t<\/a>\n\t\t\t\t\t\t\t\t\t\t\t<figcaption class=\"widget-image-caption wp-caption-text\">Reflejamos tu estilo en cada detalle con picas de dise\u00f1o.<\/figcaption>\n\t\t\t\t\t\t\t\t\t\t<\/figure>\n\t\t\t\t\t\t\t\t\t<\/div>\n\t\t\t\t\t<\/div>\n\t\t<\/div>\n\t\t\t\t\t<\/div>\n\t\t<\/section>\n\t\t\t\t\t<\/div>\n\t\t<\/div>\n\t\t\t\t\t<\/div>\n\t\t<\/section>\n\t\t\t\t<section class=\"elementor-section elementor-top-section elementor-element elementor-element-02bd16f elementor-section-boxed elementor-section-height-default elementor-section-height-default\" data-id=\"02bd16f\" data-element_type=\"section\" data-e-type=\"section\">\n\t\t\t\t\t\t<div class=\"elementor-container elementor-column-gap-default\">\n\t\t\t\t\t<div class=\"elementor-column elementor-col-100 elementor-top-column elementor-element elementor-element-d62060d\" data-id=\"d62060d\" data-element_type=\"column\" data-e-type=\"column\">\n\t\t\t<div class=\"elementor-widget-wrap elementor-element-populated\">\n\t\t\t\t\t\t<div class=\"elementor-element elementor-element-351c08c elementor-align-left elementor-widget elementor-widget-raven-heading\" data-id=\"351c08c\" data-element_type=\"widget\" data-e-type=\"widget\" data-widget_type=\"raven-heading.default\">\n\t\t\t\t<div class=\"elementor-widget-container\">\n\t\t\t\t\t\t\t<div class=\"raven-widget-wrapper\"><h2 class=\"raven-heading raven-heading-h2\"><span class=\"raven-heading-title \">Interiores & Design Olivella\n<br>Reformas, Interiorismo y Dise\u00f1o<\/span><\/h2><\/div>\n\t\t\t\t\t\t<\/div>\n\t\t\t\t<\/div>\n\t\t\t\t<div class=\"elementor-element elementor-element-a182ee8 elementor-widget elementor-widget-text-editor\" data-id=\"a182ee8\" data-element_type=\"widget\" data-e-type=\"widget\" data-widget_type=\"text-editor.default\">\n\t\t\t\t\t\t\t\t\t<p>Transformamos espacios interiores en Vilafranca del Pened\u00e8s, en el Pened\u00e8s y en todas partes, creando proyectos \u00fanicos con estilo, funcionalidad y materiales de calidad.<\/p>\t\t\t\t\t\t\t\t<\/div>\n\t\t\t\t<div class=\"elementor-element elementor-element-cc99c6c elementor-widget elementor-widget-spacer\" data-id=\"cc99c6c\" data-element_type=\"widget\" data-e-type=\"widget\" data-widget_type=\"spacer.default\">\n\t\t\t\t\t\t\t<div class=\"elementor-spacer\">\n\t\t\t<div class=\"elementor-spacer-inner\"><\/div>\n\t\t<\/div>\n\t\t\t\t\t\t<\/div>\n\t\t\t\t\t<\/div>\n\t\t<\/div>\n\t\t\t\t\t<\/div>\n\t\t<\/section>\n\t\t\t\t<section class=\"elementor-section elementor-top-section elementor-element elementor-element-05b99f2 elementor-section-boxed elementor-section-height-default elementor-section-height-default\" data-id=\"05b99f2\" data-element_type=\"section\" data-e-type=\"section\" data-settings=\"{&quot;background_background&quot;:&quot;classic&quot;}\">\n\t\t\t\t\t\t<div class=\"elementor-container elementor-column-gap-default\">\n\t\t\t\t\t<div class=\"elementor-column elementor-col-50 elementor-top-column elementor-element elementor-element-8d171a9\" data-id=\"8d171a9\" data-element_type=\"column\" data-e-type=\"column\">\n\t\t\t<div class=\"elementor-widget-wrap elementor-element-populated\">\n\t\t\t\t\t\t<div class=\"elementor-element elementor-element-b63de9d elementor-align-left elementor-widget elementor-widget-raven-heading\" data-id=\"b63de9d\" data-element_type=\"widget\" data-e-type=\"widget\" data-widget_type=\"raven-heading.default\">\n\t\t\t\t<div class=\"elementor-widget-container\">\n\t\t\t\t\t\t\t<div class=\"raven-widget-wrapper\"><h2 class=\"raven-heading raven-heading-h2\"><span class=\"raven-heading-title \">Consulta tu proyecto con Interiors & Design Olivella<\/span><\/h2><\/div>\n\t\t\t\t\t\t<\/div>\n\t\t\t\t<\/div>\n\t\t\t\t<div class=\"elementor-element elementor-element-c8f4093 elementor-widget elementor-widget-text-editor\" data-id=\"c8f4093\" data-element_type=\"widget\" data-e-type=\"widget\" data-widget_type=\"text-editor.default\">\n\t\t\t\t\t\t\t\t\t<p>Cu\u00e9ntanos tu sue\u00f1o y hag\u00e1moslo realidad con reformas, interiorismo y dise\u00f1o para cocinas, ba\u00f1os y espacios interiores en Vilafranca del Pened\u00e8s, en el Pened\u00e8s y en todas partes.<\/p>\t\t\t\t\t\t\t\t<\/div>\n\t\t\t\t<div class=\"elementor-element elementor-element-a72898e elementor-align-left elementor-widget elementor-widget-raven-heading\" data-id=\"a72898e\" data-element_type=\"widget\" data-e-type=\"widget\" data-widget_type=\"raven-heading.default\">\n\t\t\t\t<div class=\"elementor-widget-container\">\n\t\t\t\t\t\t\t<div class=\"raven-widget-wrapper\"><h4 class=\"raven-heading raven-heading-h4\"><a href=\"https:\/\/wa.me\/34691068755\" target=\"_blank\" rel=\"nofollow\"><span class=\"raven-heading-title \">WhatsApp: +34 691 06 87 55<\/span><\/a><\/h4><\/div>\n\t\t\t\t\t\t<\/div>\n\t\t\t\t<\/div>\n\t\t\t\t\t<\/div>\n\t\t<\/div>\n\t\t\t\t<div class=\"elementor-column elementor-col-50 elementor-top-column elementor-element elementor-element-2aa708f\" data-id=\"2aa708f\" data-element_type=\"column\" data-e-type=\"column\">\n\t\t\t<div class=\"elementor-widget-wrap elementor-element-populated\">\n\t\t\t\t\t\t<div class=\"elementor-element elementor-element-321ba2a elementor-hidden-tablet elementor-hidden-mobile elementor-widget elementor-widget-text-editor\" data-id=\"321ba2a\" data-element_type=\"widget\" data-e-type=\"widget\" data-widget_type=\"text-editor.default\">\n\t\t\t\t\t\t\t\t\t\n<div class=\"wpcf7 no-js\" id=\"wpcf7-f1854-o1\" lang=\"ca\" dir=\"ltr\" data-wpcf7-id=\"1854\">\n<div class=\"screen-reader-response\"><p role=\"status\" aria-live=\"polite\" aria-atomic=\"true\"><\/p> <ul><\/ul><\/div>\n<form action=\"\/es\/wp-json\/wp\/v2\/pages\/1723#wpcf7-f1854-o1\" method=\"post\" class=\"wpcf7-form init\" aria-label=\"Formulari de contacte\" novalidate=\"novalidate\" data-status=\"init\">\n<fieldset class=\"hidden-fields-container\"><input type=\"hidden\" name=\"_wpcf7\" value=\"1854\" \/><input type=\"hidden\" name=\"_wpcf7_version\" value=\"6.1.5\" \/><input type=\"hidden\" name=\"_wpcf7_locale\" value=\"ca\" \/><input type=\"hidden\" name=\"_wpcf7_unit_tag\" value=\"wpcf7-f1854-o1\" \/><input type=\"hidden\" name=\"_wpcf7_container_post\" value=\"0\" \/><input type=\"hidden\" name=\"_wpcf7_posted_data_hash\" value=\"\" \/><input type=\"hidden\" name=\"_cf7a__timestamp\" value=\"UFDiglrjIQi+644aCbYWaA==\" \/><input type=\"hidden\" name=\"_cf7a_version\" value=\"1.0\" \/><input type=\"hidden\" name=\"_cf7a_address\" value=\"\" \/><input type=\"hidden\" name=\"_cf7a_referer\" value=\"\" \/><input type=\"hidden\" name=\"_cf7a_protocol\" value=\"\" \/>\n<\/fieldset>\n<p><label> Nombre<br \/>\n<span class=\"wpcf7-form-control-wrap\" data-name=\"your-name\"><input type=\"text\" name=\"name\" value=\"\" autocomplete=\"fill\" class=\"fit-the-fullspace\" aria-hidden=\"true\" tabindex=\"-1\" \/><input size=\"40\" maxlength=\"400\" class=\"wpcf7-form-control wpcf7-text wpcf7-validates-as-required\" autocomplete=\"name\" aria-required=\"true\" aria-invalid=\"false\" value=\"\" type=\"text\" name=\"your-name\" \/><\/span><br \/>\n<\/label>\n<\/p>\n<p><label> Tel\u00e9fono<br \/>\n<span class=\"wpcf7-form-control-wrap\" data-name=\"your-tel\"><input size=\"40\" maxlength=\"400\" class=\"wpcf7-form-control wpcf7-tel wpcf7-validates-as-required wpcf7-text wpcf7-validates-as-tel\" autocomplete=\"tel\" aria-required=\"true\" aria-invalid=\"false\" value=\"\" type=\"tel\" name=\"your-tel\" \/><\/span><br \/>\n<\/label>\n<\/p>\n<p><span class=\"wpcf7-form-control-wrap\" data-name=\"accept-lopd\"><span class=\"wpcf7-form-control wpcf7-checkbox wpcf7-validates-as-required\"><span class=\"wpcf7-list-item first last\"><label><input type=\"checkbox\" name=\"accept-lopd[]\" value=\"He le\u00eddo y acepto la Pol\u00edtica de Privacidad\" \/><span class=\"wpcf7-list-item-label\">He le\u00eddo y acepto la Pol\u00edtica de Privacidad<\/span><\/label><\/span><\/span><\/span><a href=\"https:\/\/joanolivella.cat\/politica-de-privacitat\/\" target=\"_blank\"> <em>Leer<\/em><\/a><label><br \/>\n<input class=\"wpcf7-form-control wpcf7-submit has-spinner\" type=\"submit\" value=\"Ll\u00e1mame\" \/><\/label>\n<\/p><p style=\"display: none !important;\" class=\"akismet-fields-container\" data-prefix=\"_wpcf7_ak_\"><label>&#916;<textarea name=\"_wpcf7_ak_hp_textarea\" cols=\"45\" rows=\"8\" maxlength=\"100\"><\/textarea><\/label><input type=\"hidden\" id=\"ak_js_1\" name=\"_wpcf7_ak_js\" value=\"131\"\/><script>document.getElementById( \"ak_js_1\" ).setAttribute( \"value\", ( new Date() ).getTime() );<\/script><\/p><div class=\"wpcf7-response-output\" aria-hidden=\"true\"><\/div>\n<\/form>\n<\/div>\n\t\t\t\t\t\t\t\t<\/div>\n\t\t\t\t\t<\/div>\n\t\t<\/div>\n\t\t\t\t\t<\/div>\n\t\t<\/section>\n\t\t\t\t<\/div>\n\t\t","protected":false},"excerpt":{"rendered":"<p>Servicios. Interiors &#038; Design Olivella Pide presupuesto Proyectos de interiorismo. Desarrollamos proyectos completos de interiorismo para viviendas y espacios comerciales. Desde la conceptualizaci\u00f3n inicial hasta la ejecuci\u00f3n final, cuidamos cada detalle para crear espacios \u00fanicos, funcionales y con estilo. Reformas integrales Gestionamos reformas integrales con una visi\u00f3n global del proyecto. Coordinamos todos los trabajos necesarios [&hellip;]<\/p>\n","protected":false},"author":1,"featured_media":1727,"parent":0,"menu_order":0,"comment_status":"closed","ping_status":"closed","template":"elementor_header_footer","meta":{"footnotes":""},"class_list":["post-1723","page","type-page","status-publish","has-post-thumbnail","hentry"],"yoast_head":"<!-- This site is optimized with the Yoast SEO plugin v27.4 - https:\/\/yoast.com\/product\/yoast-seo-wordpress\/ -->\n<title>Servicios - Joan Olivella<\/title>\n<meta name=\"robots\" content=\"index, follow, max-snippet:-1, max-image-preview:large, max-video-preview:-1\" \/>\n<link rel=\"canonical\" href=\"https:\/\/joanolivella.cat\/es\/servicios\/\" \/>\n<meta property=\"og:locale\" content=\"es_ES\" \/>\n<meta property=\"og:type\" content=\"article\" \/>\n<meta property=\"og:title\" content=\"Servicios - Joan Olivella\" \/>\n<meta property=\"og:description\" content=\"Servicios. Interiors &#038; Design Olivella Pide presupuesto Proyectos de interiorismo. Desarrollamos proyectos completos de interiorismo para viviendas y espacios comerciales. Desde la conceptualizaci\u00f3n inicial hasta la ejecuci\u00f3n final, cuidamos cada detalle para crear espacios \u00fanicos, funcionales y con estilo. Reformas integrales Gestionamos reformas integrales con una visi\u00f3n global del proyecto. Coordinamos todos los trabajos necesarios [&hellip;]\" \/>\n<meta property=\"og:url\" content=\"https:\/\/joanolivella.cat\/es\/servicios\/\" \/>\n<meta property=\"og:site_name\" content=\"Joan Olivella\" \/>\n<meta property=\"article:modified_time\" content=\"2026-04-21T19:08:41+00:00\" \/>\n<meta property=\"og:image\" content=\"https:\/\/joanolivella.cat\/wp-content\/uploads\/2026\/04\/Joan-Olivella-Slide-3.jpg\" \/>\n\t<meta property=\"og:image:width\" content=\"1536\" \/>\n\t<meta property=\"og:image:height\" content=\"1024\" \/>\n\t<meta property=\"og:image:type\" content=\"image\/jpeg\" \/>\n<meta name=\"twitter:card\" content=\"summary_large_image\" \/>\n<meta name=\"twitter:label1\" content=\"Tiempo de lectura\" \/>\n\t<meta name=\"twitter:data1\" content=\"1 minuto\" \/>\n<script type=\"application\/ld+json\" class=\"yoast-schema-graph\">{\"@context\":\"https:\\\/\\\/schema.org\",\"@graph\":[{\"@type\":\"WebPage\",\"@id\":\"https:\\\/\\\/joanolivella.cat\\\/es\\\/servicios\\\/\",\"url\":\"https:\\\/\\\/joanolivella.cat\\\/es\\\/servicios\\\/\",\"name\":\"Servicios - Joan Olivella\",\"isPartOf\":{\"@id\":\"https:\\\/\\\/joanolivella.cat\\\/#website\"},\"primaryImageOfPage\":{\"@id\":\"https:\\\/\\\/joanolivella.cat\\\/es\\\/servicios\\\/#primaryimage\"},\"image\":{\"@id\":\"https:\\\/\\\/joanolivella.cat\\\/es\\\/servicios\\\/#primaryimage\"},\"thumbnailUrl\":\"https:\\\/\\\/joanolivella.cat\\\/wp-content\\\/uploads\\\/2026\\\/04\\\/Joan-Olivella-Slide-3.jpg\",\"datePublished\":\"2019-03-06T01:11:40+00:00\",\"dateModified\":\"2026-04-21T19:08:41+00:00\",\"breadcrumb\":{\"@id\":\"https:\\\/\\\/joanolivella.cat\\\/es\\\/servicios\\\/#breadcrumb\"},\"inLanguage\":\"es\",\"potentialAction\":[{\"@type\":\"ReadAction\",\"target\":[\"https:\\\/\\\/joanolivella.cat\\\/es\\\/servicios\\\/\"]}]},{\"@type\":\"ImageObject\",\"inLanguage\":\"es\",\"@id\":\"https:\\\/\\\/joanolivella.cat\\\/es\\\/servicios\\\/#primaryimage\",\"url\":\"https:\\\/\\\/joanolivella.cat\\\/wp-content\\\/uploads\\\/2026\\\/04\\\/Joan-Olivella-Slide-3.jpg\",\"contentUrl\":\"https:\\\/\\\/joanolivella.cat\\\/wp-content\\\/uploads\\\/2026\\\/04\\\/Joan-Olivella-Slide-3.jpg\",\"width\":1536,\"height\":1024},{\"@type\":\"BreadcrumbList\",\"@id\":\"https:\\\/\\\/joanolivella.cat\\\/es\\\/servicios\\\/#breadcrumb\",\"itemListElement\":[{\"@type\":\"ListItem\",\"position\":1,\"name\":\"Inici\",\"item\":\"https:\\\/\\\/joanolivella.cat\\\/es\\\/\"},{\"@type\":\"ListItem\",\"position\":2,\"name\":\"Servicios\"}]},{\"@type\":\"WebSite\",\"@id\":\"https:\\\/\\\/joanolivella.cat\\\/#website\",\"url\":\"https:\\\/\\\/joanolivella.cat\\\/\",\"name\":\"Joan Olivella\",\"description\":\"Interiorisme i disseny\",\"potentialAction\":[{\"@type\":\"SearchAction\",\"target\":{\"@type\":\"EntryPoint\",\"urlTemplate\":\"https:\\\/\\\/joanolivella.cat\\\/?s={search_term_string}\"},\"query-input\":{\"@type\":\"PropertyValueSpecification\",\"valueRequired\":true,\"valueName\":\"search_term_string\"}}],\"inLanguage\":\"es\"}]}<\/script>\n<!-- \/ Yoast SEO plugin. -->","yoast_head_json":{"title":"Servicios - Joan Olivella","robots":{"index":"index","follow":"follow","max-snippet":"max-snippet:-1","max-image-preview":"max-image-preview:large","max-video-preview":"max-video-preview:-1"},"canonical":"https:\/\/joanolivella.cat\/es\/servicios\/","og_locale":"es_ES","og_type":"article","og_title":"Servicios - Joan Olivella","og_description":"Servicios. Interiors &#038; Design Olivella Pide presupuesto Proyectos de interiorismo. Desarrollamos proyectos completos de interiorismo para viviendas y espacios comerciales. Desde la conceptualizaci\u00f3n inicial hasta la ejecuci\u00f3n final, cuidamos cada detalle para crear espacios \u00fanicos, funcionales y con estilo. Reformas integrales Gestionamos reformas integrales con una visi\u00f3n global del proyecto. Coordinamos todos los trabajos necesarios [&hellip;]","og_url":"https:\/\/joanolivella.cat\/es\/servicios\/","og_site_name":"Joan Olivella","article_modified_time":"2026-04-21T19:08:41+00:00","og_image":[{"width":1536,"height":1024,"url":"https:\/\/joanolivella.cat\/wp-content\/uploads\/2026\/04\/Joan-Olivella-Slide-3.jpg","type":"image\/jpeg"}],"twitter_card":"summary_large_image","twitter_misc":{"Tiempo de lectura":"1 minuto"},"schema":{"@context":"https:\/\/schema.org","@graph":[{"@type":"WebPage","@id":"https:\/\/joanolivella.cat\/es\/servicios\/","url":"https:\/\/joanolivella.cat\/es\/servicios\/","name":"Servicios - Joan Olivella","isPartOf":{"@id":"https:\/\/joanolivella.cat\/#website"},"primaryImageOfPage":{"@id":"https:\/\/joanolivella.cat\/es\/servicios\/#primaryimage"},"image":{"@id":"https:\/\/joanolivella.cat\/es\/servicios\/#primaryimage"},"thumbnailUrl":"https:\/\/joanolivella.cat\/wp-content\/uploads\/2026\/04\/Joan-Olivella-Slide-3.jpg","datePublished":"2019-03-06T01:11:40+00:00","dateModified":"2026-04-21T19:08:41+00:00","breadcrumb":{"@id":"https:\/\/joanolivella.cat\/es\/servicios\/#breadcrumb"},"inLanguage":"es","potentialAction":[{"@type":"ReadAction","target":["https:\/\/joanolivella.cat\/es\/servicios\/"]}]},{"@type":"ImageObject","inLanguage":"es","@id":"https:\/\/joanolivella.cat\/es\/servicios\/#primaryimage","url":"https:\/\/joanolivella.cat\/wp-content\/uploads\/2026\/04\/Joan-Olivella-Slide-3.jpg","contentUrl":"https:\/\/joanolivella.cat\/wp-content\/uploads\/2026\/04\/Joan-Olivella-Slide-3.jpg","width":1536,"height":1024},{"@type":"BreadcrumbList","@id":"https:\/\/joanolivella.cat\/es\/servicios\/#breadcrumb","itemListElement":[{"@type":"ListItem","position":1,"name":"Inici","item":"https:\/\/joanolivella.cat\/es\/"},{"@type":"ListItem","position":2,"name":"Servicios"}]},{"@type":"WebSite","@id":"https:\/\/joanolivella.cat\/#website","url":"https:\/\/joanolivella.cat\/","name":"Joan Olivella","description":"Interiorisme i disseny","potentialAction":[{"@type":"SearchAction","target":{"@type":"EntryPoint","urlTemplate":"https:\/\/joanolivella.cat\/?s={search_term_string}"},"query-input":{"@type":"PropertyValueSpecification","valueRequired":true,"valueName":"search_term_string"}}],"inLanguage":"es"}]}},"_links":{"self":[{"href":"https:\/\/joanolivella.cat\/es\/wp-json\/wp\/v2\/pages\/1723","targetHints":{"allow":["GET"]}}],"collection":[{"href":"https:\/\/joanolivella.cat\/es\/wp-json\/wp\/v2\/pages"}],"about":[{"href":"https:\/\/joanolivella.cat\/es\/wp-json\/wp\/v2\/types\/page"}],"author":[{"embeddable":true,"href":"https:\/\/joanolivella.cat\/es\/wp-json\/wp\/v2\/users\/1"}],"replies":[{"embeddable":true,"href":"https:\/\/joanolivella.cat\/es\/wp-json\/wp\/v2\/comments?post=1723"}],"version-history":[{"count":13,"href":"https:\/\/joanolivella.cat\/es\/wp-json\/wp\/v2\/pages\/1723\/revisions"}],"predecessor-version":[{"id":1869,"href":"https:\/\/joanolivella.cat\/es\/wp-json\/wp\/v2\/pages\/1723\/revisions\/1869"}],"wp:featuredmedia":[{"embeddable":true,"href":"https:\/\/joanolivella.cat\/es\/wp-json\/wp\/v2\/media\/1727"}],"wp:attachment":[{"href":"https:\/\/joanolivella.cat\/es\/wp-json\/wp\/v2\/media?parent=1723"}],"curies":[{"name":"wp","href":"https:\/\/api.w.org\/{rel}","templated":true}]}}