{"id":1742,"date":"2026-03-07T11:41:22","date_gmt":"2026-03-07T09:41:22","guid":{"rendered":"https:\/\/joanolivella.cat\/?page_id=1742"},"modified":"2026-04-21T21:09:42","modified_gmt":"2026-04-21T19:09:42","slug":"productos","status":"publish","type":"page","link":"https:\/\/joanolivella.cat\/es\/productos\/","title":{"rendered":"Productos"},"content":{"rendered":"\t\t<div data-elementor-type=\"wp-page\" data-elementor-id=\"1742\" class=\"elementor elementor-1742\">\n\t\t\t\t\t\t<section class=\"elementor-section elementor-top-section elementor-element elementor-element-12845807 elementor-section-height-min-height elementor-section-boxed elementor-section-height-default elementor-section-items-middle\" data-id=\"12845807\" data-element_type=\"section\" data-e-type=\"section\" data-settings=\"{&quot;background_background&quot;:&quot;classic&quot;}\">\n\t\t\t\t\t\t\t<div class=\"elementor-background-overlay\"><\/div>\n\t\t\t\t\t\t\t<div class=\"elementor-container elementor-column-gap-default\">\n\t\t\t\t\t<div class=\"elementor-column elementor-col-100 elementor-top-column elementor-element elementor-element-4baa02bf\" data-id=\"4baa02bf\" data-element_type=\"column\" data-e-type=\"column\">\n\t\t\t<div class=\"elementor-widget-wrap elementor-element-populated\">\n\t\t\t\t\t\t<div class=\"elementor-element elementor-element-678424c1 elementor-mobile-align-center elementor-align-left elementor-widget elementor-widget-raven-heading\" data-id=\"678424c1\" data-element_type=\"widget\" data-e-type=\"widget\" data-widget_type=\"raven-heading.default\">\n\t\t\t\t<div class=\"elementor-widget-container\">\n\t\t\t\t\t\t\t<div class=\"raven-widget-wrapper\"><h1 class=\"raven-heading raven-heading-h1\"><span class=\"raven-heading-title \">Productos.\nInteriors &amp; Design Olivella<\/span><\/h1><\/div>\n\t\t\t\t\t\t<\/div>\n\t\t\t\t<\/div>\n\t\t\t\t\t<\/div>\n\t\t<\/div>\n\t\t\t\t\t<\/div>\n\t\t<\/section>\n\t\t\t\t<section class=\"elementor-section elementor-top-section elementor-element elementor-element-375bcd80 elementor-section-boxed elementor-section-height-default elementor-section-height-default\" data-id=\"375bcd80\" data-element_type=\"section\" data-e-type=\"section\">\n\t\t\t\t\t\t<div class=\"elementor-container elementor-column-gap-default\">\n\t\t\t\t\t<div class=\"elementor-column elementor-col-100 elementor-top-column elementor-element elementor-element-4b1591dc\" data-id=\"4b1591dc\" data-element_type=\"column\" data-e-type=\"column\">\n\t\t\t<div class=\"elementor-widget-wrap elementor-element-populated\">\n\t\t\t\t\t\t<div class=\"elementor-element elementor-element-16f7f488 elementor-align-right elementor-mobile-align-center elementor-widget elementor-widget-raven-button\" data-id=\"16f7f488\" data-element_type=\"widget\" data-e-type=\"widget\" data-settings=\"{&quot;turn_to_popup_action_button&quot;:&quot;no&quot;}\" data-widget_type=\"raven-button.default\">\n\t\t\t\t<div class=\"elementor-widget-container\">\n\t\t\t\t\t\t\t<div class=\"raven-widget-wrapper\">\n\t\t\t<a class=\"raven-button raven-button-widget-normal-effect-none elementor-button raven-button-text-align-center raven-button-link elementor-animation-none\" href=\"\/es\/contacto\/\">\t\t\t\t<div class=\"raven-button-overlay\" ><\/div>\n\t\t\t\t<span class=\"raven-button-content\">\n\t\t\t\t\t\n\t\t\t\t\t<div class=\"button-text-container\">\n\t\t\t\t\t\t\t\t\t\t\t\t<div class=\"raven-button-texts-wrapper\">\n\t\t\t\t\t\t\t<div class=\"button-text\">\n\t\t\t\t\t\t\t\t<span class=\"raven-button-text\">\n\t\t\t\t\t\t\t\t\tPide presupuesto\t\t\t\t\t\t\t\t<\/span>\n\t\t\t\t\t\t\t<\/div>\n\t\t\t\t\t\t\t\t\t\t\t\t\t<\/div>\n\t\t\t\t\t\t\t\t\t<span class=\"raven-button-icon raven-button-icon-position-right\">\n\t\t\t\t<svg aria-hidden=\"true\" class=\"e-font-icon-svg e-fas-long-arrow-alt-right\" viewBox=\"0 0 448 512\" xmlns=\"http:\/\/www.w3.org\/2000\/svg\"><path d=\"M313.941 216H12c-6.627 0-12 5.373-12 12v56c0 6.627 5.373 12 12 12h301.941v46.059c0 21.382 25.851 32.09 40.971 16.971l86.059-86.059c9.373-9.373 9.373-24.569 0-33.941l-86.059-86.059c-15.119-15.119-40.971-4.411-40.971 16.971V216z\"><\/path><\/svg>\t\t\t<\/span>\n\t\t\t\t\t\t\t<\/div>\n\t\t\t\t\t\n\t\t\t\t\t\t\t\t\t<\/span>\n\t\t\t<\/a>\t\t<\/div>\n\t\t\t\t\t\t<\/div>\n\t\t\t\t<\/div>\n\t\t\t\t\t<\/div>\n\t\t<\/div>\n\t\t\t\t\t<\/div>\n\t\t<\/section>\n\t\t\t\t<section class=\"elementor-section elementor-top-section elementor-element elementor-element-641fd7d9 elementor-section-boxed elementor-section-height-default elementor-section-height-default\" data-id=\"641fd7d9\" data-element_type=\"section\" data-e-type=\"section\">\n\t\t\t\t\t\t<div class=\"elementor-container elementor-column-gap-default\">\n\t\t\t\t\t<div class=\"elementor-column elementor-col-100 elementor-top-column elementor-element elementor-element-65f804e\" data-id=\"65f804e\" data-element_type=\"column\" data-e-type=\"column\">\n\t\t\t<div class=\"elementor-widget-wrap elementor-element-populated\">\n\t\t\t\t\t\t<div class=\"elementor-element elementor-element-1e8c4df elementor-mobile-align-center elementor-align-left elementor-widget elementor-widget-raven-heading\" data-id=\"1e8c4df\" data-element_type=\"widget\" data-e-type=\"widget\" data-widget_type=\"raven-heading.default\">\n\t\t\t\t<div class=\"elementor-widget-container\">\n\t\t\t\t\t\t\t<div class=\"raven-widget-wrapper\"><h2 class=\"raven-heading raven-heading-h2\"><span class=\"raven-heading-title \">Todos nuestros productos.<\/span><\/h2><\/div>\n\t\t\t\t\t\t<\/div>\n\t\t\t\t<\/div>\n\t\t\t\t<div class=\"elementor-element elementor-element-270db805 elementor-widget__width-initial elementor-widget elementor-widget-text-editor\" data-id=\"270db805\" data-element_type=\"widget\" data-e-type=\"widget\" data-widget_type=\"text-editor.default\">\n\t\t\t\t\t\t\t\t\t<p data-start=\"206\" data-end=\"473\">A <strong data-start=\"208\" data-end=\"239\">Interiores &amp; Design Olivella<\/strong> ofrecemos una selecci\u00f3n de <strong data-start=\"263\" data-end=\"306\">productos de dise\u00f1o y calidad premium<\/strong> para transformar cualquier espacio con estilo, funcionalidad y durabilidad. Descubre todo lo que podemos ofrecerle para tu cocina, ba\u00f1o, interior y espacios exteriores.<\/p><p data-start=\"206\" data-end=\"473\">\u00a0<\/p><h3 data-section-id=\"1u21wnp\" data-start=\"475\" data-end=\"495\"><strong data-start=\"479\" data-end=\"493\">Productos.<\/strong><\/h3><div><strong data-start=\"479\" data-end=\"493\">\u00a0<\/strong><\/div><ul><li data-start=\"498\" data-end=\"507\">Cocinas.<\/li><li data-start=\"510\" data-end=\"518\">Ba\u00f1os.<\/li><li data-start=\"521\" data-end=\"541\">Muebles de interior.<\/li><li data-start=\"544\" data-end=\"566\">Armarios y vestuarios.<\/li><li data-start=\"569\" data-end=\"578\">Puertas.<\/li><li data-start=\"581\" data-end=\"602\">Servicio de carpinter\u00eda.<\/li><li data-start=\"605\" data-end=\"635\">Servicio de carpinter\u00eda exterior.<\/li><li data-start=\"638\" data-end=\"658\">Muebles de exterior.<\/li><li data-start=\"661\" data-end=\"688\">Accesorios y complementos.<\/li><li data-start=\"691\" data-end=\"718\">Pavimentos y revestimientos.<\/li><li data-start=\"721\" data-end=\"736\">Iluminaci\u00f3n.<\/li><li data-start=\"739\" data-end=\"770\">Mobiliario de estudio y oficina.<\/li><li data-start=\"773\" data-end=\"791\">Arte y estilismo.<\/li><li data-start=\"794\" data-end=\"806\">Decoraci\u00f3n.<\/li><\/ul>\t\t\t\t\t\t\t\t<\/div>\n\t\t\t\t\t<\/div>\n\t\t<\/div>\n\t\t\t\t\t<\/div>\n\t\t<\/section>\n\t\t\t\t<section class=\"elementor-section elementor-top-section elementor-element elementor-element-c5b2c98 elementor-hidden-tablet elementor-hidden-mobile elementor-section-boxed elementor-section-height-default elementor-section-height-default\" data-id=\"c5b2c98\" data-element_type=\"section\" data-e-type=\"section\">\n\t\t\t\t\t\t<div class=\"elementor-container elementor-column-gap-default\">\n\t\t\t\t\t<div class=\"elementor-column elementor-col-100 elementor-top-column elementor-element elementor-element-2271274\" data-id=\"2271274\" data-element_type=\"column\" data-e-type=\"column\">\n\t\t\t<div class=\"elementor-widget-wrap elementor-element-populated\">\n\t\t\t\t\t\t<section class=\"elementor-section elementor-inner-section elementor-element elementor-element-1a9cfdb elementor-section-boxed elementor-section-height-default elementor-section-height-default\" data-id=\"1a9cfdb\" data-element_type=\"section\" data-e-type=\"section\">\n\t\t\t\t\t\t<div class=\"elementor-container elementor-column-gap-default\">\n\t\t\t\t\t<div class=\"elementor-column elementor-col-25 elementor-inner-column elementor-element elementor-element-464939c\" data-id=\"464939c\" data-element_type=\"column\" data-e-type=\"column\">\n\t\t\t<div class=\"elementor-widget-wrap elementor-element-populated\">\n\t\t\t\t\t\t<div class=\"elementor-element elementor-element-c72681e elementor-widget elementor-widget-image\" data-id=\"c72681e\" data-element_type=\"widget\" data-e-type=\"widget\" data-widget_type=\"image.default\">\n\t\t\t\t\t\t\t\t\t\t\t\t<figure class=\"wp-caption\">\n\t\t\t\t\t\t\t\t\t\t\t<a href=\"\/contacte\/\">\n\t\t\t\t\t\t\t<img decoding=\"async\" src=\"https:\/\/joanolivella.cat\/wp-content\/uploads\/elementor\/thumbs\/Joan-Olivella-Box-1-1-rlpvmw9r2c4xgp99zit468xfdtxb4kp5qv1kkq0g9o.jpg\" title=\"Joan Olivella Box (1)\" alt=\"Joan Olivella Box (1)\" class=\"elementor-animation-hang\" loading=\"lazy\" \/>\t\t\t\t\t\t\t\t<\/a>\n\t\t\t\t\t\t\t\t\t\t\t<figcaption class=\"widget-image-caption wp-caption-text\">Alta calidad e impermeable, duradera y funcional con estilo.<\/figcaption>\n\t\t\t\t\t\t\t\t\t\t<\/figure>\n\t\t\t\t\t\t\t\t\t<\/div>\n\t\t\t\t\t<\/div>\n\t\t<\/div>\n\t\t\t\t<div class=\"elementor-column elementor-col-25 elementor-inner-column elementor-element elementor-element-ae7bc98\" data-id=\"ae7bc98\" data-element_type=\"column\" data-e-type=\"column\">\n\t\t\t<div class=\"elementor-widget-wrap elementor-element-populated\">\n\t\t\t\t\t\t<div class=\"elementor-element elementor-element-bace837 elementor-widget elementor-widget-image\" data-id=\"bace837\" data-element_type=\"widget\" data-e-type=\"widget\" data-widget_type=\"image.default\">\n\t\t\t\t\t\t\t\t\t\t\t\t<figure class=\"wp-caption\">\n\t\t\t\t\t\t\t\t\t\t\t<a href=\"\/contacte\/\">\n\t\t\t\t\t\t\t<img decoding=\"async\" src=\"https:\/\/joanolivella.cat\/wp-content\/uploads\/elementor\/thumbs\/Joan-Olivella-Interiors-design-2-rk60pppsfpbteee6bo5x4wyahopduhs89vn2fe3sd8.jpg\" title=\"Joan Olivella Interiors design 2\" alt=\"Joan Olivella Interiors design 2\" class=\"elementor-animation-hang\" loading=\"lazy\" \/>\t\t\t\t\t\t\t\t<\/a>\n\t\t\t\t\t\t\t\t\t\t\t<figcaption class=\"widget-image-caption wp-caption-text\">M\u00e1rmol real, protegido contra rayaduras y roturas, por m\u00e1xima elegancia y durabilidad.<\/figcaption>\n\t\t\t\t\t\t\t\t\t\t<\/figure>\n\t\t\t\t\t\t\t\t\t<\/div>\n\t\t\t\t\t<\/div>\n\t\t<\/div>\n\t\t\t\t<div class=\"elementor-column elementor-col-25 elementor-inner-column elementor-element elementor-element-c3e5e04\" data-id=\"c3e5e04\" data-element_type=\"column\" data-e-type=\"column\">\n\t\t\t<div class=\"elementor-widget-wrap elementor-element-populated\">\n\t\t\t\t\t\t<div class=\"elementor-element elementor-element-3dc4c74 elementor-widget elementor-widget-image\" data-id=\"3dc4c74\" data-element_type=\"widget\" data-e-type=\"widget\" data-widget_type=\"image.default\">\n\t\t\t\t\t\t\t\t\t\t\t\t<figure class=\"wp-caption\">\n\t\t\t\t\t\t\t\t\t\t\t<a href=\"\/contacte\/\">\n\t\t\t\t\t\t\t<img decoding=\"async\" src=\"https:\/\/joanolivella.cat\/wp-content\/uploads\/elementor\/thumbs\/Joan-Olivella-Interiors-design-4-rk60qe5lde99s9eocyq7xqs9xpcxemh918lowl3jvg.jpg\" title=\"Joan Olivella Interiors design 4\" alt=\"Joan Olivella Interiors design 4\" class=\"elementor-animation-hang\" loading=\"lazy\" \/>\t\t\t\t\t\t\t\t<\/a>\n\t\t\t\t\t\t\t\t\t\t\t<figcaption class=\"widget-image-caption wp-caption-text\">Preferimos marcas fiables, grifos de acero inoxidable y resistentes a manchas.<\/figcaption>\n\t\t\t\t\t\t\t\t\t\t<\/figure>\n\t\t\t\t\t\t\t\t\t<\/div>\n\t\t\t\t\t<\/div>\n\t\t<\/div>\n\t\t\t\t<div class=\"elementor-column elementor-col-25 elementor-inner-column elementor-element elementor-element-139909e\" data-id=\"139909e\" data-element_type=\"column\" data-e-type=\"column\">\n\t\t\t<div class=\"elementor-widget-wrap elementor-element-populated\">\n\t\t\t\t\t\t<div class=\"elementor-element elementor-element-047ebd6 elementor-widget elementor-widget-image\" data-id=\"047ebd6\" data-element_type=\"widget\" data-e-type=\"widget\" data-widget_type=\"image.default\">\n\t\t\t\t\t\t\t\t\t\t\t\t<figure class=\"wp-caption\">\n\t\t\t\t\t\t\t\t\t\t\t<a href=\"\/contacte\/\">\n\t\t\t\t\t\t\t<img decoding=\"async\" src=\"https:\/\/joanolivella.cat\/wp-content\/uploads\/elementor\/thumbs\/Joan-Olivella-Box-2-rlpvobyvi83p7966ln5lhdvs20uhvxee9yx9yxvsrg.jpg\" title=\"Joan Olivella Box\" alt=\"Joan Olivella Box\" class=\"elementor-animation-hang\" loading=\"lazy\" \/>\t\t\t\t\t\t\t\t<\/a>\n\t\t\t\t\t\t\t\t\t\t\t<figcaption class=\"widget-image-caption wp-caption-text\">Reflejamos tu estilo en cada detalle con picas de dise\u00f1o.<\/figcaption>\n\t\t\t\t\t\t\t\t\t\t<\/figure>\n\t\t\t\t\t\t\t\t\t<\/div>\n\t\t\t\t\t<\/div>\n\t\t<\/div>\n\t\t\t\t\t<\/div>\n\t\t<\/section>\n\t\t\t\t\t<\/div>\n\t\t<\/div>\n\t\t\t\t\t<\/div>\n\t\t<\/section>\n\t\t\t\t<section class=\"elementor-section elementor-top-section elementor-element elementor-element-1a40487 elementor-section-boxed elementor-section-height-default elementor-section-height-default\" data-id=\"1a40487\" data-element_type=\"section\" data-e-type=\"section\">\n\t\t\t\t\t\t<div class=\"elementor-container elementor-column-gap-default\">\n\t\t\t\t\t<div class=\"elementor-column elementor-col-100 elementor-top-column elementor-element elementor-element-67048b4\" data-id=\"67048b4\" data-element_type=\"column\" data-e-type=\"column\">\n\t\t\t<div class=\"elementor-widget-wrap elementor-element-populated\">\n\t\t\t\t\t\t<div class=\"elementor-element elementor-element-4a0a0a0 elementor-align-left elementor-widget elementor-widget-raven-heading\" data-id=\"4a0a0a0\" data-element_type=\"widget\" data-e-type=\"widget\" data-widget_type=\"raven-heading.default\">\n\t\t\t\t<div class=\"elementor-widget-container\">\n\t\t\t\t\t\t\t<div class=\"raven-widget-wrapper\"><h2 class=\"raven-heading raven-heading-h2\"><span class=\"raven-heading-title \">Interiores & Design Olivella\n<br>Reformas, Interiorismo y Dise\u00f1o<\/span><\/h2><\/div>\n\t\t\t\t\t\t<\/div>\n\t\t\t\t<\/div>\n\t\t\t\t<div class=\"elementor-element elementor-element-81b1059 elementor-widget elementor-widget-text-editor\" data-id=\"81b1059\" data-element_type=\"widget\" data-e-type=\"widget\" data-widget_type=\"text-editor.default\">\n\t\t\t\t\t\t\t\t\t<p>Transformamos espacios interiores en Vilafranca del Pened\u00e8s, en el Pened\u00e8s y en todas partes, creando proyectos \u00fanicos con estilo, funcionalidad y materiales de calidad.<\/p>\t\t\t\t\t\t\t\t<\/div>\n\t\t\t\t<div class=\"elementor-element elementor-element-5c9313b elementor-widget elementor-widget-spacer\" data-id=\"5c9313b\" data-element_type=\"widget\" data-e-type=\"widget\" data-widget_type=\"spacer.default\">\n\t\t\t\t\t\t\t<div class=\"elementor-spacer\">\n\t\t\t<div class=\"elementor-spacer-inner\"><\/div>\n\t\t<\/div>\n\t\t\t\t\t\t<\/div>\n\t\t\t\t\t<\/div>\n\t\t<\/div>\n\t\t\t\t\t<\/div>\n\t\t<\/section>\n\t\t\t\t<section class=\"elementor-section elementor-top-section elementor-element elementor-element-d77aca1 elementor-section-boxed elementor-section-height-default elementor-section-height-default\" data-id=\"d77aca1\" data-element_type=\"section\" data-e-type=\"section\" data-settings=\"{&quot;background_background&quot;:&quot;classic&quot;}\">\n\t\t\t\t\t\t<div class=\"elementor-container elementor-column-gap-default\">\n\t\t\t\t\t<div class=\"elementor-column elementor-col-50 elementor-top-column elementor-element elementor-element-8666f01\" data-id=\"8666f01\" data-element_type=\"column\" data-e-type=\"column\">\n\t\t\t<div class=\"elementor-widget-wrap elementor-element-populated\">\n\t\t\t\t\t\t<div class=\"elementor-element elementor-element-220938f elementor-align-left elementor-widget elementor-widget-raven-heading\" data-id=\"220938f\" data-element_type=\"widget\" data-e-type=\"widget\" data-widget_type=\"raven-heading.default\">\n\t\t\t\t<div class=\"elementor-widget-container\">\n\t\t\t\t\t\t\t<div class=\"raven-widget-wrapper\"><h2 class=\"raven-heading raven-heading-h2\"><span class=\"raven-heading-title \">Consulta tu proyecto con Interiors & Design Olivella<\/span><\/h2><\/div>\n\t\t\t\t\t\t<\/div>\n\t\t\t\t<\/div>\n\t\t\t\t<div class=\"elementor-element elementor-element-7f2f2f4 elementor-widget elementor-widget-text-editor\" data-id=\"7f2f2f4\" data-element_type=\"widget\" data-e-type=\"widget\" data-widget_type=\"text-editor.default\">\n\t\t\t\t\t\t\t\t\t<p>Cu\u00e9ntanos tu sue\u00f1o y hag\u00e1moslo realidad con reformas, interiorismo y dise\u00f1o para cocinas, ba\u00f1os y espacios interiores en Vilafranca del Pened\u00e8s, en el Pened\u00e8s y en todas partes.<\/p>\t\t\t\t\t\t\t\t<\/div>\n\t\t\t\t<div class=\"elementor-element elementor-element-5a16a3f elementor-align-left elementor-widget elementor-widget-raven-heading\" data-id=\"5a16a3f\" data-element_type=\"widget\" data-e-type=\"widget\" data-widget_type=\"raven-heading.default\">\n\t\t\t\t<div class=\"elementor-widget-container\">\n\t\t\t\t\t\t\t<div class=\"raven-widget-wrapper\"><h4 class=\"raven-heading raven-heading-h4\"><a href=\"https:\/\/wa.me\/34691068755\" target=\"_blank\" rel=\"nofollow\"><span class=\"raven-heading-title \">WhatsApp: +34 691 06 87 55<\/span><\/a><\/h4><\/div>\n\t\t\t\t\t\t<\/div>\n\t\t\t\t<\/div>\n\t\t\t\t\t<\/div>\n\t\t<\/div>\n\t\t\t\t<div class=\"elementor-column elementor-col-50 elementor-top-column elementor-element elementor-element-67efa6f\" data-id=\"67efa6f\" data-element_type=\"column\" data-e-type=\"column\">\n\t\t\t<div class=\"elementor-widget-wrap elementor-element-populated\">\n\t\t\t\t\t\t<div class=\"elementor-element elementor-element-0a4c7a6 elementor-hidden-tablet elementor-hidden-mobile elementor-widget elementor-widget-text-editor\" data-id=\"0a4c7a6\" data-element_type=\"widget\" data-e-type=\"widget\" data-widget_type=\"text-editor.default\">\n\t\t\t\t\t\t\t\t\t\n<div class=\"wpcf7 no-js\" id=\"wpcf7-f1854-o1\" lang=\"ca\" dir=\"ltr\" data-wpcf7-id=\"1854\">\n<div class=\"screen-reader-response\"><p role=\"status\" aria-live=\"polite\" aria-atomic=\"true\"><\/p> <ul><\/ul><\/div>\n<form action=\"\/es\/wp-json\/wp\/v2\/pages\/1742#wpcf7-f1854-o1\" method=\"post\" class=\"wpcf7-form init\" aria-label=\"Formulari de contacte\" novalidate=\"novalidate\" data-status=\"init\">\n<fieldset class=\"hidden-fields-container\"><input type=\"hidden\" name=\"_wpcf7\" value=\"1854\" \/><input type=\"hidden\" name=\"_wpcf7_version\" value=\"6.1.5\" \/><input type=\"hidden\" name=\"_wpcf7_locale\" value=\"ca\" \/><input type=\"hidden\" name=\"_wpcf7_unit_tag\" value=\"wpcf7-f1854-o1\" \/><input type=\"hidden\" name=\"_wpcf7_container_post\" value=\"0\" \/><input type=\"hidden\" name=\"_wpcf7_posted_data_hash\" value=\"\" \/><input type=\"hidden\" name=\"_cf7a__timestamp\" value=\"TCoHx5dTOX2MlLeprrocmA==\" \/><input type=\"hidden\" name=\"_cf7a_version\" value=\"1.0\" \/><input type=\"hidden\" name=\"_cf7a_address\" value=\"\" \/><input type=\"hidden\" name=\"_cf7a_referer\" value=\"\" \/><input type=\"hidden\" name=\"_cf7a_protocol\" value=\"\" \/>\n<\/fieldset>\n<p><label> Nombre<br \/>\n<span class=\"wpcf7-form-control-wrap\" data-name=\"your-name\"><input size=\"40\" maxlength=\"400\" class=\"wpcf7-form-control wpcf7-text wpcf7-validates-as-required\" autocomplete=\"name\" aria-required=\"true\" aria-invalid=\"false\" value=\"\" type=\"text\" name=\"your-name\" \/><input type=\"text\" name=\"name\" value=\"\" autocomplete=\"fill\" class=\"fit-the-fullspace\" aria-hidden=\"true\" tabindex=\"-1\" \/><\/span><br \/>\n<\/label>\n<\/p>\n<p><label> Tel\u00e9fono<br \/>\n<span class=\"wpcf7-form-control-wrap\" data-name=\"your-tel\"><input size=\"40\" maxlength=\"400\" class=\"wpcf7-form-control wpcf7-tel wpcf7-validates-as-required wpcf7-text wpcf7-validates-as-tel\" autocomplete=\"tel\" aria-required=\"true\" aria-invalid=\"false\" value=\"\" type=\"tel\" name=\"your-tel\" \/><\/span><br \/>\n<\/label>\n<\/p>\n<p><span class=\"wpcf7-form-control-wrap\" data-name=\"accept-lopd\"><span class=\"wpcf7-form-control wpcf7-checkbox wpcf7-validates-as-required\"><span class=\"wpcf7-list-item first last\"><label><input type=\"checkbox\" name=\"accept-lopd[]\" value=\"He le\u00eddo y acepto la Pol\u00edtica de Privacidad\" \/><span class=\"wpcf7-list-item-label\">He le\u00eddo y acepto la Pol\u00edtica de Privacidad<\/span><\/label><\/span><\/span><\/span><a href=\"https:\/\/joanolivella.cat\/politica-de-privacitat\/\" target=\"_blank\"> <em>Leer<\/em><\/a><label><br \/>\n<input class=\"wpcf7-form-control wpcf7-submit has-spinner\" type=\"submit\" value=\"Ll\u00e1mame\" \/><\/label>\n<\/p><p style=\"display: none !important;\" class=\"akismet-fields-container\" data-prefix=\"_wpcf7_ak_\"><label>&#916;<textarea name=\"_wpcf7_ak_hp_textarea\" cols=\"45\" rows=\"8\" maxlength=\"100\"><\/textarea><\/label><input type=\"hidden\" id=\"ak_js_1\" name=\"_wpcf7_ak_js\" value=\"167\"\/><script>document.getElementById( \"ak_js_1\" ).setAttribute( \"value\", ( new Date() ).getTime() );<\/script><\/p><div class=\"wpcf7-response-output\" aria-hidden=\"true\"><\/div>\n<\/form>\n<\/div>\n\t\t\t\t\t\t\t\t<\/div>\n\t\t\t\t\t<\/div>\n\t\t<\/div>\n\t\t\t\t\t<\/div>\n\t\t<\/section>\n\t\t\t\t<\/div>\n\t\t","protected":false},"excerpt":{"rendered":"<p>Productos. Interiors &amp; Design Olivella Pide presupuesto Todos nuestros productos. A Interiores &amp; Design Olivella ofrecemos una selecci\u00f3n de productos de dise\u00f1o y calidad premium para transformar cualquier espacio con estilo, funcionalidad y durabilidad. Descubre todo lo que podemos ofrecerle para tu cocina, ba\u00f1o, interior y espacios exteriores. \u00a0 Productos. \u00a0 Cocinas. Ba\u00f1os. Muebles de [&hellip;]<\/p>\n","protected":false},"author":1,"featured_media":1745,"parent":0,"menu_order":0,"comment_status":"closed","ping_status":"closed","template":"elementor_header_footer","meta":{"footnotes":""},"class_list":["post-1742","page","type-page","status-publish","has-post-thumbnail","hentry"],"yoast_head":"<!-- This site is optimized with the Yoast SEO plugin v27.4 - https:\/\/yoast.com\/product\/yoast-seo-wordpress\/ -->\n<title>Productos - Joan Olivella<\/title>\n<meta name=\"robots\" content=\"index, follow, max-snippet:-1, max-image-preview:large, max-video-preview:-1\" \/>\n<link rel=\"canonical\" href=\"https:\/\/joanolivella.cat\/es\/productos\/\" \/>\n<meta property=\"og:locale\" content=\"es_ES\" \/>\n<meta property=\"og:type\" content=\"article\" \/>\n<meta property=\"og:title\" content=\"Productos - Joan Olivella\" \/>\n<meta property=\"og:description\" content=\"Productos. Interiors &amp; Design Olivella Pide presupuesto Todos nuestros productos. A Interiores &amp; Design Olivella ofrecemos una selecci\u00f3n de productos de dise\u00f1o y calidad premium para transformar cualquier espacio con estilo, funcionalidad y durabilidad. Descubre todo lo que podemos ofrecerle para tu cocina, ba\u00f1o, interior y espacios exteriores. \u00a0 Productos. \u00a0 Cocinas. Ba\u00f1os. Muebles de [&hellip;]\" \/>\n<meta property=\"og:url\" content=\"https:\/\/joanolivella.cat\/es\/productos\/\" \/>\n<meta property=\"og:site_name\" content=\"Joan Olivella\" \/>\n<meta property=\"article:modified_time\" content=\"2026-04-21T19:09:42+00:00\" \/>\n<meta property=\"og:image\" content=\"https:\/\/joanolivella.cat\/wp-content\/uploads\/2026\/04\/SaveClip.App_649230089_18348750235232383_999614982984293445_n.jpg\" \/>\n\t<meta property=\"og:image:width\" content=\"1080\" \/>\n\t<meta property=\"og:image:height\" content=\"1440\" \/>\n\t<meta property=\"og:image:type\" content=\"image\/jpeg\" \/>\n<meta name=\"twitter:card\" content=\"summary_large_image\" \/>\n<meta name=\"twitter:label1\" content=\"Tiempo de lectura\" \/>\n\t<meta name=\"twitter:data1\" content=\"1 minuto\" \/>\n<script type=\"application\/ld+json\" class=\"yoast-schema-graph\">{\"@context\":\"https:\\\/\\\/schema.org\",\"@graph\":[{\"@type\":\"WebPage\",\"@id\":\"https:\\\/\\\/joanolivella.cat\\\/es\\\/productos\\\/\",\"url\":\"https:\\\/\\\/joanolivella.cat\\\/es\\\/productos\\\/\",\"name\":\"Productos - Joan Olivella\",\"isPartOf\":{\"@id\":\"https:\\\/\\\/joanolivella.cat\\\/#website\"},\"primaryImageOfPage\":{\"@id\":\"https:\\\/\\\/joanolivella.cat\\\/es\\\/productos\\\/#primaryimage\"},\"image\":{\"@id\":\"https:\\\/\\\/joanolivella.cat\\\/es\\\/productos\\\/#primaryimage\"},\"thumbnailUrl\":\"https:\\\/\\\/joanolivella.cat\\\/wp-content\\\/uploads\\\/2026\\\/04\\\/SaveClip.App_649230089_18348750235232383_999614982984293445_n.jpg\",\"datePublished\":\"2026-03-07T09:41:22+00:00\",\"dateModified\":\"2026-04-21T19:09:42+00:00\",\"breadcrumb\":{\"@id\":\"https:\\\/\\\/joanolivella.cat\\\/es\\\/productos\\\/#breadcrumb\"},\"inLanguage\":\"es\",\"potentialAction\":[{\"@type\":\"ReadAction\",\"target\":[\"https:\\\/\\\/joanolivella.cat\\\/es\\\/productos\\\/\"]}]},{\"@type\":\"ImageObject\",\"inLanguage\":\"es\",\"@id\":\"https:\\\/\\\/joanolivella.cat\\\/es\\\/productos\\\/#primaryimage\",\"url\":\"https:\\\/\\\/joanolivella.cat\\\/wp-content\\\/uploads\\\/2026\\\/04\\\/SaveClip.App_649230089_18348750235232383_999614982984293445_n.jpg\",\"contentUrl\":\"https:\\\/\\\/joanolivella.cat\\\/wp-content\\\/uploads\\\/2026\\\/04\\\/SaveClip.App_649230089_18348750235232383_999614982984293445_n.jpg\",\"width\":1080,\"height\":1440},{\"@type\":\"BreadcrumbList\",\"@id\":\"https:\\\/\\\/joanolivella.cat\\\/es\\\/productos\\\/#breadcrumb\",\"itemListElement\":[{\"@type\":\"ListItem\",\"position\":1,\"name\":\"Inici\",\"item\":\"https:\\\/\\\/joanolivella.cat\\\/es\\\/\"},{\"@type\":\"ListItem\",\"position\":2,\"name\":\"Productos\"}]},{\"@type\":\"WebSite\",\"@id\":\"https:\\\/\\\/joanolivella.cat\\\/#website\",\"url\":\"https:\\\/\\\/joanolivella.cat\\\/\",\"name\":\"Joan Olivella\",\"description\":\"Interiorisme i disseny\",\"potentialAction\":[{\"@type\":\"SearchAction\",\"target\":{\"@type\":\"EntryPoint\",\"urlTemplate\":\"https:\\\/\\\/joanolivella.cat\\\/?s={search_term_string}\"},\"query-input\":{\"@type\":\"PropertyValueSpecification\",\"valueRequired\":true,\"valueName\":\"search_term_string\"}}],\"inLanguage\":\"es\"}]}<\/script>\n<!-- \/ Yoast SEO plugin. -->","yoast_head_json":{"title":"Productos - Joan Olivella","robots":{"index":"index","follow":"follow","max-snippet":"max-snippet:-1","max-image-preview":"max-image-preview:large","max-video-preview":"max-video-preview:-1"},"canonical":"https:\/\/joanolivella.cat\/es\/productos\/","og_locale":"es_ES","og_type":"article","og_title":"Productos - Joan Olivella","og_description":"Productos. Interiors &amp; Design Olivella Pide presupuesto Todos nuestros productos. A Interiores &amp; Design Olivella ofrecemos una selecci\u00f3n de productos de dise\u00f1o y calidad premium para transformar cualquier espacio con estilo, funcionalidad y durabilidad. Descubre todo lo que podemos ofrecerle para tu cocina, ba\u00f1o, interior y espacios exteriores. \u00a0 Productos. \u00a0 Cocinas. Ba\u00f1os. Muebles de [&hellip;]","og_url":"https:\/\/joanolivella.cat\/es\/productos\/","og_site_name":"Joan Olivella","article_modified_time":"2026-04-21T19:09:42+00:00","og_image":[{"width":1080,"height":1440,"url":"https:\/\/joanolivella.cat\/wp-content\/uploads\/2026\/04\/SaveClip.App_649230089_18348750235232383_999614982984293445_n.jpg","type":"image\/jpeg"}],"twitter_card":"summary_large_image","twitter_misc":{"Tiempo de lectura":"1 minuto"},"schema":{"@context":"https:\/\/schema.org","@graph":[{"@type":"WebPage","@id":"https:\/\/joanolivella.cat\/es\/productos\/","url":"https:\/\/joanolivella.cat\/es\/productos\/","name":"Productos - Joan Olivella","isPartOf":{"@id":"https:\/\/joanolivella.cat\/#website"},"primaryImageOfPage":{"@id":"https:\/\/joanolivella.cat\/es\/productos\/#primaryimage"},"image":{"@id":"https:\/\/joanolivella.cat\/es\/productos\/#primaryimage"},"thumbnailUrl":"https:\/\/joanolivella.cat\/wp-content\/uploads\/2026\/04\/SaveClip.App_649230089_18348750235232383_999614982984293445_n.jpg","datePublished":"2026-03-07T09:41:22+00:00","dateModified":"2026-04-21T19:09:42+00:00","breadcrumb":{"@id":"https:\/\/joanolivella.cat\/es\/productos\/#breadcrumb"},"inLanguage":"es","potentialAction":[{"@type":"ReadAction","target":["https:\/\/joanolivella.cat\/es\/productos\/"]}]},{"@type":"ImageObject","inLanguage":"es","@id":"https:\/\/joanolivella.cat\/es\/productos\/#primaryimage","url":"https:\/\/joanolivella.cat\/wp-content\/uploads\/2026\/04\/SaveClip.App_649230089_18348750235232383_999614982984293445_n.jpg","contentUrl":"https:\/\/joanolivella.cat\/wp-content\/uploads\/2026\/04\/SaveClip.App_649230089_18348750235232383_999614982984293445_n.jpg","width":1080,"height":1440},{"@type":"BreadcrumbList","@id":"https:\/\/joanolivella.cat\/es\/productos\/#breadcrumb","itemListElement":[{"@type":"ListItem","position":1,"name":"Inici","item":"https:\/\/joanolivella.cat\/es\/"},{"@type":"ListItem","position":2,"name":"Productos"}]},{"@type":"WebSite","@id":"https:\/\/joanolivella.cat\/#website","url":"https:\/\/joanolivella.cat\/","name":"Joan Olivella","description":"Interiorisme i disseny","potentialAction":[{"@type":"SearchAction","target":{"@type":"EntryPoint","urlTemplate":"https:\/\/joanolivella.cat\/?s={search_term_string}"},"query-input":{"@type":"PropertyValueSpecification","valueRequired":true,"valueName":"search_term_string"}}],"inLanguage":"es"}]}},"_links":{"self":[{"href":"https:\/\/joanolivella.cat\/es\/wp-json\/wp\/v2\/pages\/1742","targetHints":{"allow":["GET"]}}],"collection":[{"href":"https:\/\/joanolivella.cat\/es\/wp-json\/wp\/v2\/pages"}],"about":[{"href":"https:\/\/joanolivella.cat\/es\/wp-json\/wp\/v2\/types\/page"}],"author":[{"embeddable":true,"href":"https:\/\/joanolivella.cat\/es\/wp-json\/wp\/v2\/users\/1"}],"replies":[{"embeddable":true,"href":"https:\/\/joanolivella.cat\/es\/wp-json\/wp\/v2\/comments?post=1742"}],"version-history":[{"count":7,"href":"https:\/\/joanolivella.cat\/es\/wp-json\/wp\/v2\/pages\/1742\/revisions"}],"predecessor-version":[{"id":1872,"href":"https:\/\/joanolivella.cat\/es\/wp-json\/wp\/v2\/pages\/1742\/revisions\/1872"}],"wp:featuredmedia":[{"embeddable":true,"href":"https:\/\/joanolivella.cat\/es\/wp-json\/wp\/v2\/media\/1745"}],"wp:attachment":[{"href":"https:\/\/joanolivella.cat\/es\/wp-json\/wp\/v2\/media?parent=1742"}],"curies":[{"name":"wp","href":"https:\/\/api.w.org\/{rel}","templated":true}]}}