{"id":1933,"date":"2026-03-09T18:31:58","date_gmt":"2026-03-09T16:31:58","guid":{"rendered":"https:\/\/joanolivella.cat\/?page_id=1933"},"modified":"2026-04-21T21:37:04","modified_gmt":"2026-04-21T19:37:04","slug":"aviso-legal","status":"publish","type":"page","link":"https:\/\/joanolivella.cat\/es\/aviso-legal\/","title":{"rendered":"Aviso Legal"},"content":{"rendered":"\t\t<div data-elementor-type=\"wp-page\" data-elementor-id=\"1933\" class=\"elementor elementor-1933\">\n\t\t\t\t\t\t<section class=\"elementor-section elementor-top-section elementor-element elementor-element-4de74dcb elementor-section-height-min-height elementor-section-boxed elementor-section-height-default elementor-section-items-middle\" data-id=\"4de74dcb\" data-element_type=\"section\" data-e-type=\"section\" data-settings=\"{&quot;background_background&quot;:&quot;classic&quot;}\">\n\t\t\t\t\t\t<div class=\"elementor-container elementor-column-gap-default\">\n\t\t\t\t\t<div class=\"elementor-column elementor-col-100 elementor-top-column elementor-element elementor-element-8a0c1c7\" data-id=\"8a0c1c7\" data-element_type=\"column\" data-e-type=\"column\">\n\t\t\t<div class=\"elementor-widget-wrap elementor-element-populated\">\n\t\t\t\t\t\t<div class=\"elementor-element elementor-element-13511b49 elementor-mobile-align-center elementor-align-left elementor-widget elementor-widget-raven-heading\" data-id=\"13511b49\" data-element_type=\"widget\" data-e-type=\"widget\" data-widget_type=\"raven-heading.default\">\n\t\t\t\t<div class=\"elementor-widget-container\">\n\t\t\t\t\t\t\t<div class=\"raven-widget-wrapper\"><h1 class=\"raven-heading raven-heading-h1\"><span class=\"raven-heading-title \">Av\u00eds Legal<\/span><\/h1><\/div>\n\t\t\t\t\t\t<\/div>\n\t\t\t\t<\/div>\n\t\t\t\t\t<\/div>\n\t\t<\/div>\n\t\t\t\t\t<\/div>\n\t\t<\/section>\n\t\t\t\t<section class=\"elementor-section elementor-top-section elementor-element elementor-element-26f9ebd7 elementor-section-boxed elementor-section-height-default elementor-section-height-default\" data-id=\"26f9ebd7\" data-element_type=\"section\" data-e-type=\"section\">\n\t\t\t\t\t\t<div class=\"elementor-container elementor-column-gap-default\">\n\t\t\t\t\t<div class=\"elementor-column elementor-col-100 elementor-top-column elementor-element elementor-element-49d51b52\" data-id=\"49d51b52\" data-element_type=\"column\" data-e-type=\"column\">\n\t\t\t<div class=\"elementor-widget-wrap elementor-element-populated\">\n\t\t\t\t\t\t<div class=\"elementor-element elementor-element-53bd2603 elementor-widget elementor-widget-text-editor\" data-id=\"53bd2603\" data-element_type=\"widget\" data-e-type=\"widget\" data-widget_type=\"text-editor.default\">\n\t\t\t\t\t\t\t\t\t<h1 data-section-id=\"hastho\" data-start=\"168\" data-end=\"180\">Av\u00eds legal<\/h1><p data-start=\"182\" data-end=\"421\">En compliment del deure d\u2019informaci\u00f3 establert a la <strong data-start=\"234\" data-end=\"343\">Llei 34\/2002, d\u201911 de juliol, de serveis de la societat de la informaci\u00f3 i de comer\u00e7 electr\u00f2nic (LSSI-CE)<\/strong>, es faciliten a continuaci\u00f3 les dades d\u2019informaci\u00f3 general d\u2019aquest lloc web.<\/p><h2 data-section-id=\"1vt3ifa\" data-start=\"423\" data-end=\"450\">1. Dades identificatives<\/h2><p data-start=\"452\" data-end=\"515\">Titular del lloc web: <strong data-start=\"474\" data-end=\"494\">Joan Olivella SL<\/strong><br data-start=\"494\" data-end=\"497\" \/>CIF: <strong data-start=\"502\" data-end=\"515\">B61501144<\/strong><\/p><p data-start=\"517\" data-end=\"594\">Adre\u00e7a:<br data-start=\"524\" data-end=\"527\" \/>Carretera d\u2019Igualada, 56<br data-start=\"551\" data-end=\"554\" \/>08720 Vilafranca del Pened\u00e8s<br data-start=\"582\" data-end=\"585\" \/>Barcelona<\/p><p data-start=\"596\" data-end=\"707\">Tel\u00e8fon: <strong data-start=\"605\" data-end=\"620\">938 181 819<\/strong><br data-start=\"620\" data-end=\"623\" \/>Correu electr\u00f2nic: <strong data-start=\"642\" data-end=\"675\"><a class=\"decorated-link cursor-pointer\" rel=\"noopener\" data-start=\"644\" data-end=\"673\">joanolivella@joanolivella.cat<\/a><\/strong><br data-start=\"675\" data-end=\"678\" \/>Web: <strong data-start=\"683\" data-end=\"707\"><a class=\"decorated-link\" href=\"http:\/\/www.joanolivella.cat\" target=\"_new\" rel=\"noopener\" data-start=\"685\" data-end=\"705\">www.joanolivella.cat<\/a><\/strong><\/p><hr data-start=\"709\" data-end=\"712\" \/><h2 data-section-id=\"1i0yn8p\" data-start=\"714\" data-end=\"727\">2. Objecte<\/h2><p data-start=\"729\" data-end=\"928\">El present lloc web t\u00e9 com a objectiu facilitar informaci\u00f3 sobre els serveis, projectes i activitats desenvolupades per <strong data-start=\"849\" data-end=\"869\">Joan Olivella SL<\/strong> en l\u2019\u00e0mbit de l\u2019interiorisme, disseny d\u2019espais i reformes.<\/p><p data-start=\"930\" data-end=\"1069\">L\u2019acc\u00e9s i \u00fas d\u2019aquest lloc web atribueix la condici\u00f3 d\u2019usuari i implica l\u2019acceptaci\u00f3 plena de les condicions incloses en aquest av\u00eds legal.<\/p><hr data-start=\"1071\" data-end=\"1074\" \/><h2 data-section-id=\"8hnpi3\" data-start=\"1076\" data-end=\"1097\">3. Condicions d\u2019\u00fas<\/h2><p data-start=\"1099\" data-end=\"1245\">L\u2019usuari es compromet a utilitzar el lloc web, els seus continguts i serveis de conformitat amb la legislaci\u00f3 vigent, la bona fe i l\u2019ordre p\u00fablic.<\/p><p data-start=\"1247\" data-end=\"1396\">Queda prohibit l\u2019\u00fas del lloc web amb finalitats il\u00b7l\u00edcites o que puguin causar perjudici als interessos o drets de <strong data-start=\"1362\" data-end=\"1382\">Joan Olivella SL<\/strong> o de tercers.<\/p><hr data-start=\"1398\" data-end=\"1401\" \/><h2 data-section-id=\"1k9h8dm\" data-start=\"1403\" data-end=\"1445\">4. Propietat intel\u00b7lectual i industrial<\/h2><p data-start=\"1447\" data-end=\"1659\">Tots els continguts del lloc web, incloent-hi textos, imatges, dissenys, logotips, estructura, programaci\u00f3 i altres elements, s\u00f3n propietat de <strong data-start=\"1590\" data-end=\"1610\">Joan Olivella SL<\/strong> o disposen de les corresponents llic\u00e8ncies d\u2019\u00fas.<\/p><p data-start=\"1661\" data-end=\"1816\">Queda prohibida la reproducci\u00f3, distribuci\u00f3 o comunicaci\u00f3 p\u00fablica, total o parcial, dels continguts del lloc web sense l\u2019autoritzaci\u00f3 expressa del titular.<\/p><hr data-start=\"1818\" data-end=\"1821\" \/><h2 data-section-id=\"1vrprdi\" data-start=\"1823\" data-end=\"1844\">5. Responsabilitat<\/h2><p data-start=\"1846\" data-end=\"2042\"><strong data-start=\"1846\" data-end=\"1866\">Joan Olivella SL<\/strong> no es fa responsable dels danys o perjudicis que es puguin derivar de l\u2019\u00fas de la informaci\u00f3 continguda en aquest lloc web ni de possibles errors o omissions en els continguts.<\/p><p data-start=\"2044\" data-end=\"2183\">Aix\u00ed mateix, no es garanteix l\u2019abs\u00e8ncia de virus o altres elements que puguin produir alteracions en els sistemes inform\u00e0tics dels usuaris.<\/p><hr data-start=\"2185\" data-end=\"2188\" \/><h2 data-section-id=\"1wqwr9r\" data-start=\"2190\" data-end=\"2212\">6. Enlla\u00e7os externs<\/h2><p data-start=\"2214\" data-end=\"2405\">Aquest lloc web pot contenir enlla\u00e7os a p\u00e0gines web de tercers. <strong data-start=\"2278\" data-end=\"2298\">Joan Olivella SL<\/strong> no assumeix cap responsabilitat sobre els continguts, pol\u00edtiques o pr\u00e0ctiques d\u2019aquests llocs web externs.<\/p><hr data-start=\"2407\" data-end=\"2410\" \/><h2 data-section-id=\"44oo3l\" data-start=\"2412\" data-end=\"2438\">7. Legislaci\u00f3 aplicable<\/h2><p data-start=\"2440\" data-end=\"2710\">Les presents condicions es regiran per la legislaci\u00f3 espanyola. Per a qualsevol controv\u00e8rsia que pugui sorgir en relaci\u00f3 amb el lloc web o l\u2019activitat que s\u2019hi desenvolupa, les parts se sotmetran als jutjats i tribunals que corresponguin d\u2019acord amb la normativa vigent.<\/p>\t\t\t\t\t\t\t\t<\/div>\n\t\t\t\t\t<\/div>\n\t\t<\/div>\n\t\t\t\t\t<\/div>\n\t\t<\/section>\n\t\t\t\t<\/div>\n\t\t","protected":false},"excerpt":{"rendered":"<p>Av\u00eds Legal Av\u00eds legal En compliment del deure d\u2019informaci\u00f3 establert a la Llei 34\/2002, d\u201911 de juliol, de serveis de la societat de la informaci\u00f3 i de comer\u00e7 electr\u00f2nic (LSSI-CE), es faciliten a continuaci\u00f3 les dades d\u2019informaci\u00f3 general d\u2019aquest lloc web. 1. Dades identificatives Titular del lloc web: Joan Olivella SLCIF: B61501144 Adre\u00e7a:Carretera d\u2019Igualada, 5608720 [&hellip;]<\/p>\n","protected":false},"author":1,"featured_media":0,"parent":0,"menu_order":0,"comment_status":"closed","ping_status":"closed","template":"elementor_header_footer","meta":{"footnotes":""},"class_list":["post-1933","page","type-page","status-publish","hentry"],"yoast_head":"<!-- This site is optimized with the Yoast SEO plugin v27.4 - https:\/\/yoast.com\/product\/yoast-seo-wordpress\/ -->\n<title>Aviso Legal - Joan Olivella<\/title>\n<meta name=\"robots\" content=\"index, follow, max-snippet:-1, max-image-preview:large, max-video-preview:-1\" \/>\n<link rel=\"canonical\" href=\"https:\/\/joanolivella.cat\/es\/aviso-legal\/\" \/>\n<meta property=\"og:locale\" content=\"es_ES\" \/>\n<meta property=\"og:type\" content=\"article\" \/>\n<meta property=\"og:title\" content=\"Aviso Legal - Joan Olivella\" \/>\n<meta property=\"og:description\" content=\"Av\u00eds Legal Av\u00eds legal En compliment del deure d\u2019informaci\u00f3 establert a la Llei 34\/2002, d\u201911 de juliol, de serveis de la societat de la informaci\u00f3 i de comer\u00e7 electr\u00f2nic (LSSI-CE), es faciliten a continuaci\u00f3 les dades d\u2019informaci\u00f3 general d\u2019aquest lloc web. 1. Dades identificatives Titular del lloc web: Joan Olivella SLCIF: B61501144 Adre\u00e7a:Carretera d\u2019Igualada, 5608720 [&hellip;]\" \/>\n<meta property=\"og:url\" content=\"https:\/\/joanolivella.cat\/es\/aviso-legal\/\" \/>\n<meta property=\"og:site_name\" content=\"Joan Olivella\" \/>\n<meta property=\"article:modified_time\" content=\"2026-04-21T19:37:04+00:00\" \/>\n<meta name=\"twitter:card\" content=\"summary_large_image\" \/>\n<meta name=\"twitter:label1\" content=\"Tiempo de lectura\" \/>\n\t<meta name=\"twitter:data1\" content=\"2 minutos\" \/>\n<script type=\"application\/ld+json\" class=\"yoast-schema-graph\">{\"@context\":\"https:\\\/\\\/schema.org\",\"@graph\":[{\"@type\":\"WebPage\",\"@id\":\"https:\\\/\\\/joanolivella.cat\\\/es\\\/aviso-legal\\\/\",\"url\":\"https:\\\/\\\/joanolivella.cat\\\/es\\\/aviso-legal\\\/\",\"name\":\"Aviso Legal - Joan Olivella\",\"isPartOf\":{\"@id\":\"https:\\\/\\\/joanolivella.cat\\\/#website\"},\"datePublished\":\"2026-03-09T16:31:58+00:00\",\"dateModified\":\"2026-04-21T19:37:04+00:00\",\"breadcrumb\":{\"@id\":\"https:\\\/\\\/joanolivella.cat\\\/es\\\/aviso-legal\\\/#breadcrumb\"},\"inLanguage\":\"es\",\"potentialAction\":[{\"@type\":\"ReadAction\",\"target\":[\"https:\\\/\\\/joanolivella.cat\\\/es\\\/aviso-legal\\\/\"]}]},{\"@type\":\"BreadcrumbList\",\"@id\":\"https:\\\/\\\/joanolivella.cat\\\/es\\\/aviso-legal\\\/#breadcrumb\",\"itemListElement\":[{\"@type\":\"ListItem\",\"position\":1,\"name\":\"Inici\",\"item\":\"https:\\\/\\\/joanolivella.cat\\\/es\\\/\"},{\"@type\":\"ListItem\",\"position\":2,\"name\":\"Aviso Legal\"}]},{\"@type\":\"WebSite\",\"@id\":\"https:\\\/\\\/joanolivella.cat\\\/#website\",\"url\":\"https:\\\/\\\/joanolivella.cat\\\/\",\"name\":\"Joan Olivella\",\"description\":\"Interiorisme i disseny\",\"potentialAction\":[{\"@type\":\"SearchAction\",\"target\":{\"@type\":\"EntryPoint\",\"urlTemplate\":\"https:\\\/\\\/joanolivella.cat\\\/?s={search_term_string}\"},\"query-input\":{\"@type\":\"PropertyValueSpecification\",\"valueRequired\":true,\"valueName\":\"search_term_string\"}}],\"inLanguage\":\"es\"}]}<\/script>\n<!-- \/ Yoast SEO plugin. -->","yoast_head_json":{"title":"Aviso Legal - Joan Olivella","robots":{"index":"index","follow":"follow","max-snippet":"max-snippet:-1","max-image-preview":"max-image-preview:large","max-video-preview":"max-video-preview:-1"},"canonical":"https:\/\/joanolivella.cat\/es\/aviso-legal\/","og_locale":"es_ES","og_type":"article","og_title":"Aviso Legal - Joan Olivella","og_description":"Av\u00eds Legal Av\u00eds legal En compliment del deure d\u2019informaci\u00f3 establert a la Llei 34\/2002, d\u201911 de juliol, de serveis de la societat de la informaci\u00f3 i de comer\u00e7 electr\u00f2nic (LSSI-CE), es faciliten a continuaci\u00f3 les dades d\u2019informaci\u00f3 general d\u2019aquest lloc web. 1. Dades identificatives Titular del lloc web: Joan Olivella SLCIF: B61501144 Adre\u00e7a:Carretera d\u2019Igualada, 5608720 [&hellip;]","og_url":"https:\/\/joanolivella.cat\/es\/aviso-legal\/","og_site_name":"Joan Olivella","article_modified_time":"2026-04-21T19:37:04+00:00","twitter_card":"summary_large_image","twitter_misc":{"Tiempo de lectura":"2 minutos"},"schema":{"@context":"https:\/\/schema.org","@graph":[{"@type":"WebPage","@id":"https:\/\/joanolivella.cat\/es\/aviso-legal\/","url":"https:\/\/joanolivella.cat\/es\/aviso-legal\/","name":"Aviso Legal - Joan Olivella","isPartOf":{"@id":"https:\/\/joanolivella.cat\/#website"},"datePublished":"2026-03-09T16:31:58+00:00","dateModified":"2026-04-21T19:37:04+00:00","breadcrumb":{"@id":"https:\/\/joanolivella.cat\/es\/aviso-legal\/#breadcrumb"},"inLanguage":"es","potentialAction":[{"@type":"ReadAction","target":["https:\/\/joanolivella.cat\/es\/aviso-legal\/"]}]},{"@type":"BreadcrumbList","@id":"https:\/\/joanolivella.cat\/es\/aviso-legal\/#breadcrumb","itemListElement":[{"@type":"ListItem","position":1,"name":"Inici","item":"https:\/\/joanolivella.cat\/es\/"},{"@type":"ListItem","position":2,"name":"Aviso Legal"}]},{"@type":"WebSite","@id":"https:\/\/joanolivella.cat\/#website","url":"https:\/\/joanolivella.cat\/","name":"Joan Olivella","description":"Interiorisme i disseny","potentialAction":[{"@type":"SearchAction","target":{"@type":"EntryPoint","urlTemplate":"https:\/\/joanolivella.cat\/?s={search_term_string}"},"query-input":{"@type":"PropertyValueSpecification","valueRequired":true,"valueName":"search_term_string"}}],"inLanguage":"es"}]}},"_links":{"self":[{"href":"https:\/\/joanolivella.cat\/es\/wp-json\/wp\/v2\/pages\/1933","targetHints":{"allow":["GET"]}}],"collection":[{"href":"https:\/\/joanolivella.cat\/es\/wp-json\/wp\/v2\/pages"}],"about":[{"href":"https:\/\/joanolivella.cat\/es\/wp-json\/wp\/v2\/types\/page"}],"author":[{"embeddable":true,"href":"https:\/\/joanolivella.cat\/es\/wp-json\/wp\/v2\/users\/1"}],"replies":[{"embeddable":true,"href":"https:\/\/joanolivella.cat\/es\/wp-json\/wp\/v2\/comments?post=1933"}],"version-history":[{"count":1,"href":"https:\/\/joanolivella.cat\/es\/wp-json\/wp\/v2\/pages\/1933\/revisions"}],"predecessor-version":[{"id":1936,"href":"https:\/\/joanolivella.cat\/es\/wp-json\/wp\/v2\/pages\/1933\/revisions\/1936"}],"wp:attachment":[{"href":"https:\/\/joanolivella.cat\/es\/wp-json\/wp\/v2\/media?parent=1933"}],"curies":[{"name":"wp","href":"https:\/\/api.w.org\/{rel}","templated":true}]}}